{"id":24411,"date":"2025-03-26T11:22:11","date_gmt":"2025-03-26T10:22:11","guid":{"rendered":"https:\/\/ordenamigas.es\/politica-de-privacidad\/"},"modified":"2025-05-21T12:49:28","modified_gmt":"2025-05-21T10:49:28","slug":"datenschutzbestimmungen","status":"publish","type":"page","link":"https:\/\/ordenamigas.es\/de\/datenschutzbestimmungen\/","title":{"rendered":"Datenschutzbestimmungen"},"content":{"rendered":"\t\t<div data-elementor-type=\"wp-page\" data-elementor-id=\"24411\" class=\"elementor elementor-24411 elementor-21911\">\n\t\t\t\t\t\t<section class=\"elementor-section elementor-top-section elementor-element elementor-element-6e8e2cf5 elementor-section-boxed elementor-section-height-default elementor-section-height-default sc_fly_static\" data-id=\"6e8e2cf5\" data-element_type=\"section\">\n\t\t\t\t\t\t<div class=\"elementor-container elementor-column-gap-extended\">\n\t\t\t\t\t<div class=\"elementor-column elementor-col-100 elementor-top-column elementor-element elementor-element-217a69c8 sc_content_align_inherit sc_layouts_column_icons_position_left sc_fly_static\" data-id=\"217a69c8\" data-element_type=\"column\">\n\t\t\t<div class=\"elementor-widget-wrap elementor-element-populated\">\n\t\t\t\t\t\t<div class=\"elementor-element elementor-element-2e7e71f1 sc_fly_static elementor-widget elementor-widget-text-editor\" data-id=\"2e7e71f1\" data-element_type=\"widget\" data-widget_type=\"text-editor.default\">\n\t\t\t\t<div class=\"elementor-widget-container\">\n\t\t\t\t\t\t\t\t\t<div class=\"p-rich_text_section\"><div class=\"p-rich_text_section\"><strong>Daten des f\u00fcr die Verarbeitung Verantwortlichen<\/strong><\/div><ul class=\"p-rich_text_list p-rich_text_list__bullet p-rich_text_list--nested\" data-stringify-type=\"unordered-list\" data-list-tree=\"true\" data-indent=\"0\" data-border=\"0\"><li data-stringify-indent=\"0\" data-stringify-border=\"0\"><strong>Name des Unternehmens:<\/strong> Araceli \u00c1lvarez-Campana Escovar (nachstehend als &#8220;Unternehmen&#8221; oder &#8220;f\u00fcr die Verarbeitung Verantwortlicher&#8221; bezeichnet).<\/li><li data-stringify-indent=\"0\" data-stringify-border=\"0\"><strong>Handelsname:<\/strong> Ordenamigas<\/li><li data-stringify-indent=\"0\" data-stringify-border=\"0\"><b data-stringify-type=\"bold\">NIF:<\/b>\u00a043359116E<\/li><li data-stringify-indent=\"0\" data-stringify-border=\"0\"><strong>Domizil:<\/strong> C\/ Santa Clara n\u00ba 15, 07001 Palma, Illes Balears, Espa\u00f1a<\/li><li data-stringify-indent=\"0\" data-stringify-border=\"0\"><b data-stringify-type=\"bold\">Telefon:<\/b>\u00a0652890176<\/li><li data-stringify-indent=\"0\" data-stringify-border=\"0\"><strong>E-Mail f\u00fcr Mitteilungen zu Datenschutzfragen:<\/strong> <a class=\"c-link\" href=\"mailto:ordenamigas@gmail.com\" target=\"_blank\" rel=\"noopener noreferrer\" data-stringify-link=\"mailto:ordenamigas@gmail.com\" data-sk=\"tooltip_parent\" aria-haspopup=\"menu\">ordenamigas@gmail.com<\/a><\/li><\/ul><div class=\"p-rich_text_section\"><p><strong>Anwendbare Verordnungen<\/strong><br \/>Unsere Datenschutzerkl\u00e4rung wurde in \u00dcbereinstimmung mit der EU-Datenschutzgrundverordnung 2016\/679 des Europ\u00e4ischen Parlaments und des Rates vom 27. April 2016 (GDPR) und dem Organgesetz 3\/2018 vom 5. Dezember \u00fcber den Schutz personenbezogener Daten und die Gew\u00e4hrleistung der digitalen Rechte erstellt.<br \/>Indem Sie uns Ihre Daten zur Verf\u00fcgung stellen, erkl\u00e4ren Sie, dass Sie die vorliegende Datenschutzrichtlinie gelesen und verstanden haben, und geben Ihre ausdr\u00fcckliche Zustimmung zur Verarbeitung Ihrer personenbezogenen Daten gem\u00e4\u00df den hierin beschriebenen Zwecken und Bedingungen.<br \/>Das Unternehmen kann die vorliegende Datenschutzpolitik \u00e4ndern, um sie an neue Gesetze oder die Rechtsprechung anzupassen. In solchen F\u00e4llen werden die \u00c4nderungen rechtzeitig auf dieser Website bekannt gegeben.<\/p><\/div><div class=\"p-rich_text_section\"><p><strong>Datenschutzbeauftragter<\/strong><br \/>Es gibt keinen designierten Datenschutzbeauftragten.<\/p><\/div><div class=\"p-rich_text_section\"><strong>Zweck der Verarbeitung von personenbezogenen Daten<\/strong><br \/>Wir verarbeiten Ihre personenbezogenen Daten f\u00fcr die folgenden Zwecke:<\/div><ul class=\"p-rich_text_list p-rich_text_list__bullet p-rich_text_list--nested\" data-stringify-type=\"unordered-list\" data-list-tree=\"true\" data-indent=\"0\" data-border=\"0\"><li data-stringify-indent=\"0\" data-stringify-border=\"0\">Bearbeitung von Informationsanfragen, die \u00fcber die Kontaktformulare auf der Website eingehen.<\/li><li data-stringify-indent=\"0\" data-stringify-border=\"0\">Senden Sie Informationen \u00fcber die vom Unternehmen angebotenen Dienstleistungen.<\/li><li data-stringify-indent=\"0\" data-stringify-border=\"0\">Verwaltung von Terminen, Beratungen, Kostenvoranschl\u00e4gen oder eventuellen vertraglichen Beziehungen.<\/li><li data-stringify-indent=\"0\" data-stringify-border=\"0\">Einhaltung der geltenden rechtlichen Verpflichtungen.<\/li><\/ul><div class=\"p-rich_text_section\"><p><strong>Aufbewahrungsfrist der Daten<\/strong><br \/>Ihre Daten werden f\u00fcr die Dauer der Gesch\u00e4ftsbeziehung oder so lange aufbewahrt, wie es zur Erf\u00fcllung gesetzlicher Verpflichtungen erforderlich ist. Nach Ablauf dieser Frist werden die Daten gel\u00f6scht oder in gesperrter Form aufbewahrt, um m\u00f6glichen rechtlichen Verpflichtungen nachzukommen.<\/p><\/div><div class=\"p-rich_text_section\"><strong>Legitimation der Verarbeitung<\/strong><br \/>Die Rechtsgrundlage f\u00fcr die Verarbeitung Ihrer Daten ist:<\/div><ul class=\"p-rich_text_list p-rich_text_list__bullet p-rich_text_list--nested\" data-stringify-type=\"unordered-list\" data-list-tree=\"true\" data-indent=\"0\" data-border=\"0\"><li data-stringify-indent=\"0\" data-stringify-border=\"0\">Die vom Nutzer durch Ankreuzen des entsprechenden K\u00e4stchens in den Formularen der Website erteilte Zustimmung.<\/li><li data-stringify-indent=\"0\" data-stringify-border=\"0\">Die Erf\u00fcllung eines Vertrags oder die Anwendung vorvertraglicher Ma\u00dfnahmen, wenn eine Gesch\u00e4ftsbeziehung besteht.<\/li><li data-stringify-indent=\"0\" data-stringify-border=\"0\">Einhaltung der rechtlichen Verpflichtungen.<\/li><\/ul><div class=\"p-rich_text_section\"><strong>Kategorien der gesammelten Daten<\/strong><\/div><ul class=\"p-rich_text_list p-rich_text_list__bullet p-rich_text_list--nested\" data-stringify-type=\"unordered-list\" data-list-tree=\"true\" data-indent=\"0\" data-border=\"0\"><li data-stringify-indent=\"0\" data-stringify-border=\"0\">Identifizierungsdaten: Vorname, Nachname, Telefonnummer, E-Mail-Adresse.<\/li><li data-stringify-indent=\"0\" data-stringify-border=\"0\">Technische Daten wie IP-Adresse, verwendeter Browser, Dauer des Besuchs usw.<\/li><\/ul><div class=\"p-rich_text_section\"><p><strong>Empf\u00e4nger der Daten<\/strong><br \/>Eine Weitergabe von Daten an Dritte ist nicht vorgesehen, es sei denn, es besteht eine gesetzliche Verpflichtung oder es werden externe Dienstleistungen in Anspruch genommen, die die Verarbeitung von Daten im Rahmen einer Vertraulichkeitsvereinbarung und eines Auftrags zur Datenverarbeitung beinhalten.<\/p><\/div><div class=\"p-rich_text_section\"><p><strong>Internationale Daten\u00fcbertragungen<\/strong><br \/>Es findet kein internationaler Datentransfer statt.<\/p><\/div><div class=\"p-rich_text_section\"><p><strong>Sicherheitsma\u00dfnahmen<\/strong><br \/>Das Unternehmen hat die erforderlichen technischen und organisatorischen Ma\u00dfnahmen ergriffen, um die Sicherheit der personenbezogenen Daten zu gew\u00e4hrleisten und ihre \u00c4nderung, ihren Verlust oder ihren unbefugten Zugriff gem\u00e4\u00df den Bestimmungen von Artikel 32 der Datenschutzrichtlinie zu verhindern.<\/p><\/div><div class=\"p-rich_text_section\"><strong>Benutzerrechte<\/strong><br \/>Jede Person hat das Recht, eine Best\u00e4tigung dar\u00fcber zu erhalten, ob Ordenamigas sie betreffende personenbezogene Daten verarbeitet oder nicht.<br \/>Interessierte Personen haben das Recht auf:<\/div><ul class=\"p-rich_text_list p-rich_text_list__bullet p-rich_text_list--nested\" data-stringify-type=\"unordered-list\" data-list-tree=\"true\" data-indent=\"0\" data-border=\"0\"><li data-stringify-indent=\"0\" data-stringify-border=\"0\">Zugang zu Ihren pers\u00f6nlichen Daten.<\/li><li data-stringify-indent=\"0\" data-stringify-border=\"0\">Die Berichtigung unzutreffender Daten zu beantragen.<\/li><li data-stringify-indent=\"0\" data-stringify-border=\"0\">Beantragen Sie seine L\u00f6schung.<\/li><li data-stringify-indent=\"0\" data-stringify-border=\"0\">Beantragen Sie die Einschr\u00e4nkung der Verarbeitung.<\/li><li data-stringify-indent=\"0\" data-stringify-border=\"0\">Der Verarbeitung Ihrer Daten zu widersprechen.<\/li><li data-stringify-indent=\"0\" data-stringify-border=\"0\">Beantragen Sie die \u00dcbertragbarkeit Ihrer Daten.<\/li><li data-stringify-indent=\"0\" data-stringify-border=\"0\">Sie k\u00f6nnen Ihre Einwilligung jederzeit widerrufen.<\/li><li data-stringify-indent=\"0\" data-stringify-border=\"0\">Sie k\u00f6nnen diese Rechte aus\u00fcben, indem Sie einen Antrag per E-Mail an ordenamigas@gmail.com senden und eine Kopie Ihres Ausweises beif\u00fcgen. Sie k\u00f6nnen auch eine Beschwerde bei der spanischen Datenschutzbeh\u00f6rde einreichen, wenn Sie der Meinung sind, dass Ihre Rechte verletzt wurden.<\/li><\/ul><div class=\"p-rich_text_section\"><strong>Zustimmung zum Versand elektronischer Mitteilungen<\/strong><br \/>Durch das Ankreuzen des entsprechenden K\u00e4stchens auf den Formularen der Website und die \u00dcbermittlung seiner Daten erkl\u00e4rt sich der Nutzer ausdr\u00fccklich mit der Zusendung von Informationsmaterial \u00fcber die T\u00e4tigkeit von Ordenamigas per E-Mail oder andere gleichwertige elektronische Mittel einverstanden. Sie k\u00f6nnen diese Zustimmung jederzeit widerrufen, indem Sie an <strong>ordenamigas@gmail.com<\/strong> schreiben.<\/div><\/div>\t\t\t\t\t\t\t\t<\/div>\n\t\t\t\t<\/div>\n\t\t\t\t<div class=\"elementor-element elementor-element-95844ab elementor-widget-divider--view-line sc_fly_static elementor-widget elementor-widget-divider\" data-id=\"95844ab\" data-element_type=\"widget\" data-widget_type=\"divider.default\">\n\t\t\t\t<div class=\"elementor-widget-container\">\n\t\t\t\t\t\t\t<div class=\"elementor-divider\">\n\t\t\t<span class=\"elementor-divider-separator\">\n\t\t\t\t\t\t<\/span>\n\t\t<\/div>\n\t\t\t\t\t\t<\/div>\n\t\t\t\t<\/div>\n\t\t\t\t\t<\/div>\n\t\t<\/div>\n\t\t\t\t\t<\/div>\n\t\t<\/section>\n\t\t\t\t<\/div>\n\t\t","protected":false},"excerpt":{"rendered":"<p>Daten des f\u00fcr die Verarbeitung Verantwortlichen Name des Unternehmens: Araceli \u00c1lvarez-Campana Escovar (nachstehend als &#8220;Unternehmen&#8221; oder &#8220;f\u00fcr die Verarbeitung Verantwortlicher&#8221; bezeichnet). Handelsname: Ordenamigas NIF:\u00a043359116E Domizil: C\/ Santa Clara n\u00ba 15,&hellip;<\/p>\n","protected":false},"author":1,"featured_media":0,"parent":0,"menu_order":0,"comment_status":"closed","ping_status":"closed","template":"","meta":{"footnotes":""},"class_list":["post-24411","page","type-page","status-publish","hentry"],"yoast_head":"<!-- This site is optimized with the Yoast SEO plugin v24.7 - https:\/\/yoast.com\/wordpress\/plugins\/seo\/ -->\n<title>Datenschutzbestimmungen | Ordenamigas - B\u00fcro &amp; Zuhause auf Mallorca organisieren<\/title>\n<meta name=\"description\" content=\"Entdecken Sie die Datenschutzrichtlinie von Ordenamigas und erfahren Sie, wie wir Ihre pers\u00f6nlichen Daten sicher und transparent sch\u00fctzen.\" \/>\n<meta name=\"robots\" content=\"index, follow, max-snippet:-1, max-image-preview:large, max-video-preview:-1\" \/>\n<link rel=\"canonical\" href=\"https:\/\/ordenamigas.es\/de\/datenschutzbestimmungen\/\" \/>\n<meta property=\"og:locale\" content=\"de_DE\" \/>\n<meta property=\"og:type\" content=\"article\" \/>\n<meta property=\"og:title\" content=\"Datenschutzbestimmungen | Ordenamigas - B\u00fcro &amp; Zuhause auf Mallorca organisieren\" \/>\n<meta property=\"og:description\" content=\"Entdecken Sie die Datenschutzrichtlinie von Ordenamigas und erfahren Sie, wie wir Ihre pers\u00f6nlichen Daten sicher und transparent sch\u00fctzen.\" \/>\n<meta property=\"og:url\" content=\"https:\/\/ordenamigas.es\/de\/datenschutzbestimmungen\/\" \/>\n<meta property=\"og:site_name\" content=\"Ordenamigas\" \/>\n<meta property=\"article:modified_time\" content=\"2025-05-21T10:49:28+00:00\" \/>\n<meta name=\"twitter:card\" content=\"summary_large_image\" \/>\n<meta name=\"twitter:label1\" content=\"Gesch\u00e4tzte Lesezeit\" \/>\n\t<meta name=\"twitter:data1\" content=\"3\u00a0Minuten\" \/>\n<script type=\"application\/ld+json\" class=\"yoast-schema-graph\">{\"@context\":\"https:\/\/schema.org\",\"@graph\":[{\"@type\":\"WebPage\",\"@id\":\"https:\/\/ordenamigas.es\/de\/datenschutzbestimmungen\/\",\"url\":\"https:\/\/ordenamigas.es\/de\/datenschutzbestimmungen\/\",\"name\":\"Datenschutzbestimmungen | Ordenamigas - B\u00fcro &amp; Zuhause auf Mallorca organisieren\",\"isPartOf\":{\"@id\":\"https:\/\/ordenamigas.es\/de\/#website\"},\"datePublished\":\"2025-03-26T10:22:11+00:00\",\"dateModified\":\"2025-05-21T10:49:28+00:00\",\"description\":\"Entdecken Sie die Datenschutzrichtlinie von Ordenamigas und erfahren Sie, wie wir Ihre pers\u00f6nlichen Daten sicher und transparent sch\u00fctzen.\",\"breadcrumb\":{\"@id\":\"https:\/\/ordenamigas.es\/de\/datenschutzbestimmungen\/#breadcrumb\"},\"inLanguage\":\"de\",\"potentialAction\":[{\"@type\":\"ReadAction\",\"target\":[\"https:\/\/ordenamigas.es\/de\/datenschutzbestimmungen\/\"]}]},{\"@type\":\"BreadcrumbList\",\"@id\":\"https:\/\/ordenamigas.es\/de\/datenschutzbestimmungen\/#breadcrumb\",\"itemListElement\":[{\"@type\":\"ListItem\",\"position\":1,\"name\":\"Portada\",\"item\":\"https:\/\/ordenamigas.es\/de\/\"},{\"@type\":\"ListItem\",\"position\":2,\"name\":\"Datenschutzbestimmungen\"}]},{\"@type\":\"WebSite\",\"@id\":\"https:\/\/ordenamigas.es\/de\/#website\",\"url\":\"https:\/\/ordenamigas.es\/de\/\",\"name\":\"Ordenamigas\",\"description\":\"B\u00fcro &amp; Zuhause auf Mallorca organisieren\",\"publisher\":{\"@id\":\"https:\/\/ordenamigas.es\/de\/#organization\"},\"potentialAction\":[{\"@type\":\"SearchAction\",\"target\":{\"@type\":\"EntryPoint\",\"urlTemplate\":\"https:\/\/ordenamigas.es\/de\/?s={search_term_string}\"},\"query-input\":{\"@type\":\"PropertyValueSpecification\",\"valueRequired\":true,\"valueName\":\"search_term_string\"}}],\"inLanguage\":\"de\"},{\"@type\":\"Organization\",\"@id\":\"https:\/\/ordenamigas.es\/de\/#organization\",\"name\":\"Ordenamigas\",\"url\":\"https:\/\/ordenamigas.es\/de\/\",\"logo\":{\"@type\":\"ImageObject\",\"inLanguage\":\"de\",\"@id\":\"https:\/\/ordenamigas.es\/de\/#\/schema\/logo\/image\/\",\"url\":\"https:\/\/ordenamigas.es\/wp-content\/uploads\/2025\/03\/logo-horizontal-ordenamigas.png\",\"contentUrl\":\"https:\/\/ordenamigas.es\/wp-content\/uploads\/2025\/03\/logo-horizontal-ordenamigas.png\",\"width\":1092,\"height\":347,\"caption\":\"Ordenamigas\"},\"image\":{\"@id\":\"https:\/\/ordenamigas.es\/de\/#\/schema\/logo\/image\/\"}}]}<\/script>\n<!-- \/ Yoast SEO plugin. -->","yoast_head_json":{"title":"Datenschutzbestimmungen | Ordenamigas - B\u00fcro &amp; Zuhause auf Mallorca organisieren","description":"Entdecken Sie die Datenschutzrichtlinie von Ordenamigas und erfahren Sie, wie wir Ihre pers\u00f6nlichen Daten sicher und transparent sch\u00fctzen.","robots":{"index":"index","follow":"follow","max-snippet":"max-snippet:-1","max-image-preview":"max-image-preview:large","max-video-preview":"max-video-preview:-1"},"canonical":"https:\/\/ordenamigas.es\/de\/datenschutzbestimmungen\/","og_locale":"de_DE","og_type":"article","og_title":"Datenschutzbestimmungen | Ordenamigas - B\u00fcro &amp; Zuhause auf Mallorca organisieren","og_description":"Entdecken Sie die Datenschutzrichtlinie von Ordenamigas und erfahren Sie, wie wir Ihre pers\u00f6nlichen Daten sicher und transparent sch\u00fctzen.","og_url":"https:\/\/ordenamigas.es\/de\/datenschutzbestimmungen\/","og_site_name":"Ordenamigas","article_modified_time":"2025-05-21T10:49:28+00:00","twitter_card":"summary_large_image","twitter_misc":{"Gesch\u00e4tzte Lesezeit":"3\u00a0Minuten"},"schema":{"@context":"https:\/\/schema.org","@graph":[{"@type":"WebPage","@id":"https:\/\/ordenamigas.es\/de\/datenschutzbestimmungen\/","url":"https:\/\/ordenamigas.es\/de\/datenschutzbestimmungen\/","name":"Datenschutzbestimmungen | Ordenamigas - B\u00fcro &amp; Zuhause auf Mallorca organisieren","isPartOf":{"@id":"https:\/\/ordenamigas.es\/de\/#website"},"datePublished":"2025-03-26T10:22:11+00:00","dateModified":"2025-05-21T10:49:28+00:00","description":"Entdecken Sie die Datenschutzrichtlinie von Ordenamigas und erfahren Sie, wie wir Ihre pers\u00f6nlichen Daten sicher und transparent sch\u00fctzen.","breadcrumb":{"@id":"https:\/\/ordenamigas.es\/de\/datenschutzbestimmungen\/#breadcrumb"},"inLanguage":"de","potentialAction":[{"@type":"ReadAction","target":["https:\/\/ordenamigas.es\/de\/datenschutzbestimmungen\/"]}]},{"@type":"BreadcrumbList","@id":"https:\/\/ordenamigas.es\/de\/datenschutzbestimmungen\/#breadcrumb","itemListElement":[{"@type":"ListItem","position":1,"name":"Portada","item":"https:\/\/ordenamigas.es\/de\/"},{"@type":"ListItem","position":2,"name":"Datenschutzbestimmungen"}]},{"@type":"WebSite","@id":"https:\/\/ordenamigas.es\/de\/#website","url":"https:\/\/ordenamigas.es\/de\/","name":"Ordenamigas","description":"B\u00fcro &amp; Zuhause auf Mallorca organisieren","publisher":{"@id":"https:\/\/ordenamigas.es\/de\/#organization"},"potentialAction":[{"@type":"SearchAction","target":{"@type":"EntryPoint","urlTemplate":"https:\/\/ordenamigas.es\/de\/?s={search_term_string}"},"query-input":{"@type":"PropertyValueSpecification","valueRequired":true,"valueName":"search_term_string"}}],"inLanguage":"de"},{"@type":"Organization","@id":"https:\/\/ordenamigas.es\/de\/#organization","name":"Ordenamigas","url":"https:\/\/ordenamigas.es\/de\/","logo":{"@type":"ImageObject","inLanguage":"de","@id":"https:\/\/ordenamigas.es\/de\/#\/schema\/logo\/image\/","url":"https:\/\/ordenamigas.es\/wp-content\/uploads\/2025\/03\/logo-horizontal-ordenamigas.png","contentUrl":"https:\/\/ordenamigas.es\/wp-content\/uploads\/2025\/03\/logo-horizontal-ordenamigas.png","width":1092,"height":347,"caption":"Ordenamigas"},"image":{"@id":"https:\/\/ordenamigas.es\/de\/#\/schema\/logo\/image\/"}}]}},"_links":{"self":[{"href":"https:\/\/ordenamigas.es\/de\/wp-json\/wp\/v2\/pages\/24411","targetHints":{"allow":["GET"]}}],"collection":[{"href":"https:\/\/ordenamigas.es\/de\/wp-json\/wp\/v2\/pages"}],"about":[{"href":"https:\/\/ordenamigas.es\/de\/wp-json\/wp\/v2\/types\/page"}],"author":[{"embeddable":true,"href":"https:\/\/ordenamigas.es\/de\/wp-json\/wp\/v2\/users\/1"}],"replies":[{"embeddable":true,"href":"https:\/\/ordenamigas.es\/de\/wp-json\/wp\/v2\/comments?post=24411"}],"version-history":[{"count":13,"href":"https:\/\/ordenamigas.es\/de\/wp-json\/wp\/v2\/pages\/24411\/revisions"}],"predecessor-version":[{"id":24711,"href":"https:\/\/ordenamigas.es\/de\/wp-json\/wp\/v2\/pages\/24411\/revisions\/24711"}],"wp:attachment":[{"href":"https:\/\/ordenamigas.es\/de\/wp-json\/wp\/v2\/media?parent=24411"}],"curies":[{"name":"wp","href":"https:\/\/api.w.org\/{rel}","templated":true}]}}