{"id":24534,"date":"2025-04-01T09:39:30","date_gmt":"2025-04-01T07:39:30","guid":{"rendered":"https:\/\/ordenamigas.es\/medios\/"},"modified":"2025-08-19T09:45:41","modified_gmt":"2025-08-19T07:45:41","slug":"les-medias","status":"publish","type":"page","link":"https:\/\/ordenamigas.es\/fr\/les-medias\/","title":{"rendered":"Les m\u00e9dias"},"content":{"rendered":"\t\t<div data-elementor-type=\"wp-page\" data-elementor-id=\"24534\" class=\"elementor elementor-24534 elementor-21944\">\n\t\t\t\t\t\t<section class=\"elementor-section elementor-top-section elementor-element elementor-element-8a949be elementor-section-boxed elementor-section-height-default elementor-section-height-default sc_fly_static\" data-id=\"8a949be\" data-element_type=\"section\">\n\t\t\t\t\t\t<div class=\"elementor-container elementor-column-gap-extended\">\n\t\t\t\t\t<div class=\"elementor-column elementor-col-100 elementor-top-column elementor-element elementor-element-84e2b82 sc_content_align_inherit sc_layouts_column_icons_position_left sc_fly_static\" data-id=\"84e2b82\" data-element_type=\"column\">\n\t\t\t<div class=\"elementor-widget-wrap elementor-element-populated\">\n\t\t\t\t\t\t<div class=\"elementor-element elementor-element-037a31a sc_fly_static elementor-widget elementor-widget-heading\" data-id=\"037a31a\" data-element_type=\"widget\" data-widget_type=\"heading.default\">\n\t\t\t\t<div class=\"elementor-widget-container\">\n\t\t\t\t\t<h2 class=\"elementor-heading-title elementor-size-default\">Ordenamigas dans les m\u00e9dias<\/h2>\t\t\t\t<\/div>\n\t\t\t\t<\/div>\n\t\t\t\t<div class=\"elementor-element elementor-element-3eae80f sc_fly_static elementor-widget elementor-widget-text-editor\" data-id=\"3eae80f\" data-element_type=\"widget\" data-widget_type=\"text-editor.default\">\n\t\t\t\t<div class=\"elementor-widget-container\">\n\t\t\t\t\t\t\t\t\tNotre passion pour l&#8217;ordre et l&#8217;organisation s&#8217;est propag\u00e9e dans les maisons et a atteint divers m\u00e9dias. Ordenamigas a \u00e9t\u00e9 pr\u00e9sent\u00e9 sur de nombreuses plateformes, partageant des conseils, des id\u00e9es et des outils pour transformer les espaces en lieux fonctionnels et harmonieux. Des interviews t\u00e9l\u00e9vis\u00e9es et radiophoniques aux articles de magazines et de blogs, nous continuons \u00e0 inspirer de plus en plus de personnes \u00e0 d\u00e9couvrir le bien-\u00eatre gr\u00e2ce \u00e0 l&#8217;ordre.\nSuivez-nous et rejoignez-nous dans ce voyage \u00e0 travers les m\u00e9dias qui ont partag\u00e9 notre philosophie !\t\t\t\t\t\t\t\t<\/div>\n\t\t\t\t<\/div>\n\t\t\t\t<div class=\"elementor-element elementor-element-eaaef35 sc_fly_static elementor-widget elementor-widget-spacer\" data-id=\"eaaef35\" data-element_type=\"widget\" data-widget_type=\"spacer.default\">\n\t\t\t\t<div class=\"elementor-widget-container\">\n\t\t\t\t\t\t\t<div class=\"elementor-spacer\">\n\t\t\t<div class=\"elementor-spacer-inner\"><\/div>\n\t\t<\/div>\n\t\t\t\t\t\t<\/div>\n\t\t\t\t<\/div>\n\t\t\t\t\t<\/div>\n\t\t<\/div>\n\t\t\t\t\t<\/div>\n\t\t<\/section>\n\t\t\t\t<section class=\"elementor-section elementor-top-section elementor-element elementor-element-6563db1 elementor-section-boxed elementor-section-height-default elementor-section-height-default sc_fly_static\" data-id=\"6563db1\" data-element_type=\"section\">\n\t\t\t\t\t\t<div class=\"elementor-container elementor-column-gap-extended\">\n\t\t\t\t\t<div class=\"elementor-column elementor-col-25 elementor-top-column elementor-element elementor-element-afff3ff sc_content_align_inherit sc_layouts_column_icons_position_left sc_fly_static\" data-id=\"afff3ff\" data-element_type=\"column\">\n\t\t\t<div class=\"elementor-widget-wrap elementor-element-populated\">\n\t\t\t\t\t\t<div class=\"elementor-element elementor-element-2650557 sc_fly_static elementor-widget elementor-widget-image\" data-id=\"2650557\" data-element_type=\"widget\" data-widget_type=\"image.default\">\n\t\t\t\t<div class=\"elementor-widget-container\">\n\t\t\t\t\t\t\t\t\t\t\t\t<figure class=\"wp-caption\">\n\t\t\t\t\t\t\t\t\t\t\t<a href=\"https:\/\/ib3alacarta.com\/tv\/aldia.\/e1891\/4023\" target=\"_blank\">\n\t\t\t\t\t\t\t<img fetchpriority=\"high\" decoding=\"async\" width=\"320\" height=\"320\" src=\"https:\/\/ordenamigas.es\/wp-content\/uploads\/2025\/05\/SaludMentalOrden.png\" class=\"attachment-large size-large wp-image-22867\" alt=\"Salud Mental Orden\" srcset=\"https:\/\/ordenamigas.es\/wp-content\/uploads\/2025\/05\/SaludMentalOrden.png 320w, https:\/\/ordenamigas.es\/wp-content\/uploads\/2025\/05\/SaludMentalOrden-300x300.png 300w, https:\/\/ordenamigas.es\/wp-content\/uploads\/2025\/05\/SaludMentalOrden-150x150.png 150w, https:\/\/ordenamigas.es\/wp-content\/uploads\/2025\/05\/SaludMentalOrden-120x120.png 120w\" sizes=\"(max-width: 600px) 100vw, 320px\" \/>\t\t\t\t\t\t\t\t<\/a>\n\t\t\t\t\t\t\t\t\t\t\t<figcaption class=\"widget-image-caption wp-caption-text\"><p style=\"font-size: 19px;font-family: Montserrat, sans-serif\">Sant\u00e9 mentale et ordre - IB3 Al D\u00eda 18\/02\/2025<\/p><\/figcaption>\n\t\t\t\t\t\t\t\t\t\t<\/figure>\n\t\t\t\t\t\t\t\t\t<\/div>\n\t\t\t\t<\/div>\n\t\t\t\t<div class=\"elementor-element elementor-element-33425e4 sc_fly_static elementor-widget elementor-widget-spacer\" data-id=\"33425e4\" data-element_type=\"widget\" data-widget_type=\"spacer.default\">\n\t\t\t\t<div class=\"elementor-widget-container\">\n\t\t\t\t\t\t\t<div class=\"elementor-spacer\">\n\t\t\t<div class=\"elementor-spacer-inner\"><\/div>\n\t\t<\/div>\n\t\t\t\t\t\t<\/div>\n\t\t\t\t<\/div>\n\t\t\t\t\t<\/div>\n\t\t<\/div>\n\t\t\t\t<div class=\"elementor-column elementor-col-25 elementor-top-column elementor-element elementor-element-36c1953 sc_content_align_inherit sc_layouts_column_icons_position_left sc_fly_static\" data-id=\"36c1953\" data-element_type=\"column\">\n\t\t\t<div class=\"elementor-widget-wrap elementor-element-populated\">\n\t\t\t\t\t\t<div class=\"elementor-element elementor-element-8836d42 sc_fly_static elementor-widget elementor-widget-image\" data-id=\"8836d42\" data-element_type=\"widget\" data-widget_type=\"image.default\">\n\t\t\t\t<div class=\"elementor-widget-container\">\n\t\t\t\t\t\t\t\t\t\t\t\t<figure class=\"wp-caption\">\n\t\t\t\t\t\t\t\t\t\t\t<a href=\"https:\/\/ib3alacarta.com\/tv\/aldia.\/e1745\/3014\" target=\"_blank\">\n\t\t\t\t\t\t\t<img decoding=\"async\" width=\"320\" height=\"320\" src=\"https:\/\/ordenamigas.es\/wp-content\/uploads\/2025\/05\/MaletaCabina.png\" class=\"attachment-large size-large wp-image-22871\" alt=\"Maleta Cabina\" srcset=\"https:\/\/ordenamigas.es\/wp-content\/uploads\/2025\/05\/MaletaCabina.png 320w, https:\/\/ordenamigas.es\/wp-content\/uploads\/2025\/05\/MaletaCabina-300x300.png 300w, https:\/\/ordenamigas.es\/wp-content\/uploads\/2025\/05\/MaletaCabina-150x150.png 150w, https:\/\/ordenamigas.es\/wp-content\/uploads\/2025\/05\/MaletaCabina-120x120.png 120w\" sizes=\"(max-width: 600px) 100vw, 320px\" \/>\t\t\t\t\t\t\t\t<\/a>\n\t\t\t\t\t\t\t\t\t\t\t<figcaption class=\"widget-image-caption wp-caption-text\"><p style=\"font-size: 19px;font-family: Montserrat, sans-serif\">Comment faire une valise cabine - IB3 Cinc Dies 11\/04\/2025<\/p><\/figcaption>\n\t\t\t\t\t\t\t\t\t\t<\/figure>\n\t\t\t\t\t\t\t\t\t<\/div>\n\t\t\t\t<\/div>\n\t\t\t\t<div class=\"elementor-element elementor-element-ebde3cc sc_fly_static elementor-widget elementor-widget-spacer\" data-id=\"ebde3cc\" data-element_type=\"widget\" data-widget_type=\"spacer.default\">\n\t\t\t\t<div class=\"elementor-widget-container\">\n\t\t\t\t\t\t\t<div class=\"elementor-spacer\">\n\t\t\t<div class=\"elementor-spacer-inner\"><\/div>\n\t\t<\/div>\n\t\t\t\t\t\t<\/div>\n\t\t\t\t<\/div>\n\t\t\t\t\t<\/div>\n\t\t<\/div>\n\t\t\t\t<div class=\"elementor-column elementor-col-25 elementor-top-column elementor-element elementor-element-b21e666 sc_content_align_inherit sc_layouts_column_icons_position_left sc_fly_static\" data-id=\"b21e666\" data-element_type=\"column\">\n\t\t\t<div class=\"elementor-widget-wrap elementor-element-populated\">\n\t\t\t\t\t\t<div class=\"elementor-element elementor-element-63efd75 sc_fly_static elementor-widget elementor-widget-image\" data-id=\"63efd75\" data-element_type=\"widget\" data-widget_type=\"image.default\">\n\t\t\t\t<div class=\"elementor-widget-container\">\n\t\t\t\t\t\t\t\t\t\t\t\t<figure class=\"wp-caption\">\n\t\t\t\t\t\t\t\t\t\t\t<a href=\"https:\/\/ib3alacarta.com\/play\/radio\/aldia\/e20250509110401\/1758\" target=\"_blank\">\n\t\t\t\t\t\t\t<img decoding=\"async\" width=\"320\" height=\"320\" src=\"https:\/\/ordenamigas.es\/wp-content\/uploads\/2025\/05\/ib3-09-05-2025.jpg\" class=\"attachment-large size-large wp-image-23728\" alt=\"ib3 09 05 2025\" srcset=\"https:\/\/ordenamigas.es\/wp-content\/uploads\/2025\/05\/ib3-09-05-2025.jpg 320w, https:\/\/ordenamigas.es\/wp-content\/uploads\/2025\/05\/ib3-09-05-2025-300x300.jpg 300w, https:\/\/ordenamigas.es\/wp-content\/uploads\/2025\/05\/ib3-09-05-2025-150x150.jpg 150w, https:\/\/ordenamigas.es\/wp-content\/uploads\/2025\/05\/ib3-09-05-2025-120x120.jpg 120w\" sizes=\"(max-width: 600px) 100vw, 320px\" \/>\t\t\t\t\t\t\t\t<\/a>\n\t\t\t\t\t\t\t\t\t\t\t<figcaption class=\"widget-image-caption wp-caption-text\"><p style=\"font-size: 19px;font-family: Montserrat, sans-serif\">Journ\u00e9e de la chaussette - IB3 Radio 09\/05\/2025<\/p><\/figcaption>\n\t\t\t\t\t\t\t\t\t\t<\/figure>\n\t\t\t\t\t\t\t\t\t<\/div>\n\t\t\t\t<\/div>\n\t\t\t\t<div class=\"elementor-element elementor-element-58af0ff sc_fly_static elementor-widget elementor-widget-spacer\" data-id=\"58af0ff\" data-element_type=\"widget\" data-widget_type=\"spacer.default\">\n\t\t\t\t<div class=\"elementor-widget-container\">\n\t\t\t\t\t\t\t<div class=\"elementor-spacer\">\n\t\t\t<div class=\"elementor-spacer-inner\"><\/div>\n\t\t<\/div>\n\t\t\t\t\t\t<\/div>\n\t\t\t\t<\/div>\n\t\t\t\t\t<\/div>\n\t\t<\/div>\n\t\t\t\t<div class=\"elementor-column elementor-col-25 elementor-top-column elementor-element elementor-element-2cd9256 sc_content_align_inherit sc_layouts_column_icons_position_left sc_fly_static\" data-id=\"2cd9256\" data-element_type=\"column\">\n\t\t\t<div class=\"elementor-widget-wrap\">\n\t\t\t\t\t\t\t<\/div>\n\t\t<\/div>\n\t\t\t\t\t<\/div>\n\t\t<\/section>\n\t\t\t\t<section class=\"elementor-section elementor-top-section elementor-element elementor-element-c41df76 elementor-section-boxed elementor-section-height-default elementor-section-height-default sc_fly_static\" data-id=\"c41df76\" data-element_type=\"section\">\n\t\t\t\t\t\t<div class=\"elementor-container elementor-column-gap-extended\">\n\t\t\t\t\t<div class=\"elementor-column elementor-col-25 elementor-top-column elementor-element elementor-element-c7f02b4 sc_content_align_inherit sc_layouts_column_icons_position_left sc_fly_static\" data-id=\"c7f02b4\" data-element_type=\"column\">\n\t\t\t<div class=\"elementor-widget-wrap elementor-element-populated\">\n\t\t\t\t\t\t<div class=\"elementor-element elementor-element-b6e528c sc_fly_static elementor-widget elementor-widget-image\" data-id=\"b6e528c\" data-element_type=\"widget\" data-widget_type=\"image.default\">\n\t\t\t\t<div class=\"elementor-widget-container\">\n\t\t\t\t\t\t\t\t\t\t\t\t<figure class=\"wp-caption\">\n\t\t\t\t\t\t\t\t\t\t\t<a href=\"https:\/\/ib3alacarta.com\/tv\/aldia.\/e1745\/3014\" target=\"_blank\">\n\t\t\t\t\t\t\t<img loading=\"lazy\" decoding=\"async\" width=\"320\" height=\"320\" src=\"https:\/\/ordenamigas.es\/wp-content\/uploads\/2025\/04\/foto_17.png\" class=\"attachment-large size-large wp-image-22122\" alt=\"Orden Verano\" srcset=\"https:\/\/ordenamigas.es\/wp-content\/uploads\/2025\/04\/foto_17.png 320w, https:\/\/ordenamigas.es\/wp-content\/uploads\/2025\/04\/foto_17-300x300.png 300w, https:\/\/ordenamigas.es\/wp-content\/uploads\/2025\/04\/foto_17-150x150.png 150w, https:\/\/ordenamigas.es\/wp-content\/uploads\/2025\/04\/foto_17-120x120.png 120w\" sizes=\"(max-width: 600px) 100vw, 320px\" \/>\t\t\t\t\t\t\t\t<\/a>\n\t\t\t\t\t\t\t\t\t\t\t<figcaption class=\"widget-image-caption wp-caption-text\"><p style=\"font-size: 19px;font-family: Montserrat, sans-serif\">Ordre en \u00e9t\u00e9 - Al D\u00eda IB3 15\/07\/24 (min 50)<\/p><\/figcaption>\n\t\t\t\t\t\t\t\t\t\t<\/figure>\n\t\t\t\t\t\t\t\t\t<\/div>\n\t\t\t\t<\/div>\n\t\t\t\t<div class=\"elementor-element elementor-element-52ea624 sc_fly_static elementor-widget elementor-widget-spacer\" data-id=\"52ea624\" data-element_type=\"widget\" data-widget_type=\"spacer.default\">\n\t\t\t\t<div class=\"elementor-widget-container\">\n\t\t\t\t\t\t\t<div class=\"elementor-spacer\">\n\t\t\t<div class=\"elementor-spacer-inner\"><\/div>\n\t\t<\/div>\n\t\t\t\t\t\t<\/div>\n\t\t\t\t<\/div>\n\t\t\t\t\t<\/div>\n\t\t<\/div>\n\t\t\t\t<div class=\"elementor-column elementor-col-25 elementor-top-column elementor-element elementor-element-70e005c sc_content_align_inherit sc_layouts_column_icons_position_left sc_fly_static\" data-id=\"70e005c\" data-element_type=\"column\">\n\t\t\t<div class=\"elementor-widget-wrap elementor-element-populated\">\n\t\t\t\t\t\t<div class=\"elementor-element elementor-element-1591d5b sc_fly_static elementor-widget elementor-widget-image\" data-id=\"1591d5b\" data-element_type=\"widget\" data-widget_type=\"image.default\">\n\t\t\t\t<div class=\"elementor-widget-container\">\n\t\t\t\t\t\t\t\t\t\t\t\t<figure class=\"wp-caption\">\n\t\t\t\t\t\t\t\t\t\t\t<a href=\"https:\/\/ib3alacarta.com\/tv\/aldia.\/e1785\/3755\" target=\"_blank\">\n\t\t\t\t\t\t\t<img loading=\"lazy\" decoding=\"async\" width=\"320\" height=\"320\" src=\"https:\/\/ordenamigas.es\/wp-content\/uploads\/2025\/04\/foto_18.png\" class=\"attachment-large size-large wp-image-22126\" alt=\"Cosas No Tener En Casa\" srcset=\"https:\/\/ordenamigas.es\/wp-content\/uploads\/2025\/04\/foto_18.png 320w, https:\/\/ordenamigas.es\/wp-content\/uploads\/2025\/04\/foto_18-300x300.png 300w, https:\/\/ordenamigas.es\/wp-content\/uploads\/2025\/04\/foto_18-150x150.png 150w, https:\/\/ordenamigas.es\/wp-content\/uploads\/2025\/04\/foto_18-120x120.png 120w\" sizes=\"(max-width: 600px) 100vw, 320px\" \/>\t\t\t\t\t\t\t\t<\/a>\n\t\t\t\t\t\t\t\t\t\t\t<figcaption class=\"widget-image-caption wp-caption-text\"><p style=\"font-size: 19px;font-family: Montserrat, sans-serif\">Choses \u00e0 ne pas avoir chez soi - OB : choses de la maison : 10\/09\/2024<\/p><\/figcaption>\n\t\t\t\t\t\t\t\t\t\t<\/figure>\n\t\t\t\t\t\t\t\t\t<\/div>\n\t\t\t\t<\/div>\n\t\t\t\t<div class=\"elementor-element elementor-element-4dbe241 sc_fly_static elementor-widget elementor-widget-spacer\" data-id=\"4dbe241\" data-element_type=\"widget\" data-widget_type=\"spacer.default\">\n\t\t\t\t<div class=\"elementor-widget-container\">\n\t\t\t\t\t\t\t<div class=\"elementor-spacer\">\n\t\t\t<div class=\"elementor-spacer-inner\"><\/div>\n\t\t<\/div>\n\t\t\t\t\t\t<\/div>\n\t\t\t\t<\/div>\n\t\t\t\t\t<\/div>\n\t\t<\/div>\n\t\t\t\t<div class=\"elementor-column elementor-col-25 elementor-top-column elementor-element elementor-element-2d3cfb6 sc_content_align_inherit sc_layouts_column_icons_position_left sc_fly_static\" data-id=\"2d3cfb6\" data-element_type=\"column\">\n\t\t\t<div class=\"elementor-widget-wrap elementor-element-populated\">\n\t\t\t\t\t\t<div class=\"elementor-element elementor-element-b837f87 sc_fly_static elementor-widget elementor-widget-image\" data-id=\"b837f87\" data-element_type=\"widget\" data-widget_type=\"image.default\">\n\t\t\t\t<div class=\"elementor-widget-container\">\n\t\t\t\t\t\t\t\t\t\t\t\t<figure class=\"wp-caption\">\n\t\t\t\t\t\t\t\t\t\t\t<a href=\"https:\/\/ib3alacarta.com\/play\/tv\/cincdies\/e1841\/2008\" target=\"_blank\">\n\t\t\t\t\t\t\t<img loading=\"lazy\" decoding=\"async\" width=\"320\" height=\"320\" src=\"https:\/\/ordenamigas.es\/wp-content\/uploads\/2025\/04\/Foto_19_.png\" class=\"attachment-large size-large wp-image-22130\" alt=\"Organizar Maleta\" srcset=\"https:\/\/ordenamigas.es\/wp-content\/uploads\/2025\/04\/Foto_19_.png 320w, https:\/\/ordenamigas.es\/wp-content\/uploads\/2025\/04\/Foto_19_-300x300.png 300w, https:\/\/ordenamigas.es\/wp-content\/uploads\/2025\/04\/Foto_19_-150x150.png 150w, https:\/\/ordenamigas.es\/wp-content\/uploads\/2025\/04\/Foto_19_-120x120.png 120w\" sizes=\"(max-width: 600px) 100vw, 320px\" \/>\t\t\t\t\t\t\t\t<\/a>\n\t\t\t\t\t\t\t\t\t\t\t<figcaption class=\"widget-image-caption wp-caption-text\"><p style=\"font-size: 19px;font-family: Montserrat, sans-serif\">Nous donnons des id\u00e9es pour avoir un bureau ordonn\u00e9 - IB Cinc Dies 10\/09\/2024<\/p><\/figcaption>\n\t\t\t\t\t\t\t\t\t\t<\/figure>\n\t\t\t\t\t\t\t\t\t<\/div>\n\t\t\t\t<\/div>\n\t\t\t\t<div class=\"elementor-element elementor-element-b0a1d33 sc_fly_static elementor-widget elementor-widget-spacer\" data-id=\"b0a1d33\" data-element_type=\"widget\" data-widget_type=\"spacer.default\">\n\t\t\t\t<div class=\"elementor-widget-container\">\n\t\t\t\t\t\t\t<div class=\"elementor-spacer\">\n\t\t\t<div class=\"elementor-spacer-inner\"><\/div>\n\t\t<\/div>\n\t\t\t\t\t\t<\/div>\n\t\t\t\t<\/div>\n\t\t\t\t\t<\/div>\n\t\t<\/div>\n\t\t\t\t<div class=\"elementor-column elementor-col-25 elementor-top-column elementor-element elementor-element-32d5ab4 sc_content_align_inherit sc_layouts_column_icons_position_left sc_fly_static\" data-id=\"32d5ab4\" data-element_type=\"column\">\n\t\t\t<div class=\"elementor-widget-wrap elementor-element-populated\">\n\t\t\t\t\t\t<div class=\"elementor-element elementor-element-8e4cbcb sc_fly_static elementor-widget elementor-widget-image\" data-id=\"8e4cbcb\" data-element_type=\"widget\" data-widget_type=\"image.default\">\n\t\t\t\t<div class=\"elementor-widget-container\">\n\t\t\t\t\t\t\t\t\t\t\t\t<figure class=\"wp-caption\">\n\t\t\t\t\t\t\t\t\t\t\t<a href=\"https:\/\/ib3alacarta.com\/play\/radio\/aldia\/e20250120110401\" target=\"_blank\">\n\t\t\t\t\t\t\t<img loading=\"lazy\" decoding=\"async\" width=\"320\" height=\"320\" src=\"https:\/\/ordenamigas.es\/wp-content\/uploads\/2025\/05\/IB3AlDia.png\" class=\"attachment-large size-large wp-image-22875\" alt=\"IB3 Al Dia\" srcset=\"https:\/\/ordenamigas.es\/wp-content\/uploads\/2025\/05\/IB3AlDia.png 320w, https:\/\/ordenamigas.es\/wp-content\/uploads\/2025\/05\/IB3AlDia-300x300.png 300w, https:\/\/ordenamigas.es\/wp-content\/uploads\/2025\/05\/IB3AlDia-150x150.png 150w, https:\/\/ordenamigas.es\/wp-content\/uploads\/2025\/05\/IB3AlDia-120x120.png 120w\" sizes=\"(max-width: 600px) 100vw, 320px\" \/>\t\t\t\t\t\t\t\t<\/a>\n\t\t\t\t\t\t\t\t\t\t\t<figcaption class=\"widget-image-caption wp-caption-text\"><p style=\"font-size: 19px;font-family: Montserrat, sans-serif\">IB3 Al Dia - 20\/01\/2025<\/p><\/figcaption>\n\t\t\t\t\t\t\t\t\t\t<\/figure>\n\t\t\t\t\t\t\t\t\t<\/div>\n\t\t\t\t<\/div>\n\t\t\t\t<div class=\"elementor-element elementor-element-e58f8f8 sc_layouts_hide_on_mobile sc_fly_static elementor-widget elementor-widget-spacer\" data-id=\"e58f8f8\" data-element_type=\"widget\" data-widget_type=\"spacer.default\">\n\t\t\t\t<div class=\"elementor-widget-container\">\n\t\t\t\t\t\t\t<div class=\"elementor-spacer\">\n\t\t\t<div class=\"elementor-spacer-inner\"><\/div>\n\t\t<\/div>\n\t\t\t\t\t\t<\/div>\n\t\t\t\t<\/div>\n\t\t\t\t\t<\/div>\n\t\t<\/div>\n\t\t\t\t\t<\/div>\n\t\t<\/section>\n\t\t\t\t<section class=\"elementor-section elementor-top-section elementor-element elementor-element-da598d0 elementor-section-boxed elementor-section-height-default elementor-section-height-default sc_fly_static\" data-id=\"da598d0\" data-element_type=\"section\">\n\t\t\t\t\t\t<div class=\"elementor-container elementor-column-gap-extended\">\n\t\t\t\t\t<div class=\"elementor-column elementor-col-25 elementor-top-column elementor-element elementor-element-55949ff sc_content_align_inherit sc_layouts_column_icons_position_left sc_fly_static\" data-id=\"55949ff\" data-element_type=\"column\">\n\t\t\t<div class=\"elementor-widget-wrap elementor-element-populated\">\n\t\t\t\t\t\t<div class=\"elementor-element elementor-element-4e9fa75 sc_fly_static elementor-widget elementor-widget-image\" data-id=\"4e9fa75\" data-element_type=\"widget\" data-widget_type=\"image.default\">\n\t\t\t\t<div class=\"elementor-widget-container\">\n\t\t\t\t\t\t\t\t\t\t\t\t<figure class=\"wp-caption\">\n\t\t\t\t\t\t\t\t\t\t\t<a href=\"https:\/\/drive.google.com\/file\/d\/1isWz1dUC0nrBeu8NjxHiZ6XPcinvrJEv\/edit?pli=1\" target=\"_blank\">\n\t\t\t\t\t\t\t<img loading=\"lazy\" decoding=\"async\" width=\"320\" height=\"320\" src=\"https:\/\/ordenamigas.es\/wp-content\/uploads\/2025\/04\/foto_13_.png\" class=\"attachment-large size-large wp-image-22106\" alt=\"Mary Poppins Orden\" srcset=\"https:\/\/ordenamigas.es\/wp-content\/uploads\/2025\/04\/foto_13_.png 320w, https:\/\/ordenamigas.es\/wp-content\/uploads\/2025\/04\/foto_13_-300x300.png 300w, https:\/\/ordenamigas.es\/wp-content\/uploads\/2025\/04\/foto_13_-150x150.png 150w, https:\/\/ordenamigas.es\/wp-content\/uploads\/2025\/04\/foto_13_-120x120.png 120w\" sizes=\"(max-width: 600px) 100vw, 320px\" \/>\t\t\t\t\t\t\t\t<\/a>\n\t\t\t\t\t\t\t\t\t\t\t<figcaption class=\"widget-image-caption wp-caption-text\"><p style=\"font-size: 19px;font-family: Montserrat, sans-serif\">Les Mary Poppins de l\u2019Ordre - Julia en la Onda 21\/05\/24<\/p><\/figcaption>\n\t\t\t\t\t\t\t\t\t\t<\/figure>\n\t\t\t\t\t\t\t\t\t<\/div>\n\t\t\t\t<\/div>\n\t\t\t\t<div class=\"elementor-element elementor-element-1c2bdd1 sc_layouts_hide_on_mobile sc_fly_static elementor-widget elementor-widget-spacer\" data-id=\"1c2bdd1\" data-element_type=\"widget\" data-widget_type=\"spacer.default\">\n\t\t\t\t<div class=\"elementor-widget-container\">\n\t\t\t\t\t\t\t<div class=\"elementor-spacer\">\n\t\t\t<div class=\"elementor-spacer-inner\"><\/div>\n\t\t<\/div>\n\t\t\t\t\t\t<\/div>\n\t\t\t\t<\/div>\n\t\t\t\t\t<\/div>\n\t\t<\/div>\n\t\t\t\t<div class=\"elementor-column elementor-col-25 elementor-top-column elementor-element elementor-element-d0b214b sc_content_align_inherit sc_layouts_column_icons_position_left sc_fly_static\" data-id=\"d0b214b\" data-element_type=\"column\">\n\t\t\t<div class=\"elementor-widget-wrap elementor-element-populated\">\n\t\t\t\t\t\t<div class=\"elementor-element elementor-element-9880558 sc_fly_static elementor-widget elementor-widget-image\" data-id=\"9880558\" data-element_type=\"widget\" data-widget_type=\"image.default\">\n\t\t\t\t<div class=\"elementor-widget-container\">\n\t\t\t\t\t\t\t\t\t\t\t\t<figure class=\"wp-caption\">\n\t\t\t\t\t\t\t\t\t\t\t<a href=\"https:\/\/ib3alacarta.com\/play\/tv\/aldia.\/e1721\/4171\" target=\"_blank\">\n\t\t\t\t\t\t\t<img loading=\"lazy\" decoding=\"async\" width=\"320\" height=\"320\" src=\"https:\/\/ordenamigas.es\/wp-content\/uploads\/2025\/04\/foto_14.png\" class=\"attachment-large size-large wp-image-22110\" alt=\"Escritorio Ordenado\" srcset=\"https:\/\/ordenamigas.es\/wp-content\/uploads\/2025\/04\/foto_14.png 320w, https:\/\/ordenamigas.es\/wp-content\/uploads\/2025\/04\/foto_14-300x300.png 300w, https:\/\/ordenamigas.es\/wp-content\/uploads\/2025\/04\/foto_14-150x150.png 150w, https:\/\/ordenamigas.es\/wp-content\/uploads\/2025\/04\/foto_14-120x120.png 120w\" sizes=\"(max-width: 600px) 100vw, 320px\" \/>\t\t\t\t\t\t\t\t<\/a>\n\t\t\t\t\t\t\t\t\t\t\t<figcaption class=\"widget-image-caption wp-caption-text\"><p style=\"font-size: 19px;font-family: Montserrat, sans-serif\">Nous apprenons \u00e0 pr\u00e9parer une valise de voyage - Al D\u00eda IB3 11\/06\/24 (min 60)<\/p><\/figcaption>\n\t\t\t\t\t\t\t\t\t\t<\/figure>\n\t\t\t\t\t\t\t\t\t<\/div>\n\t\t\t\t<\/div>\n\t\t\t\t<div class=\"elementor-element elementor-element-c67b411 sc_fly_static elementor-widget elementor-widget-spacer\" data-id=\"c67b411\" data-element_type=\"widget\" data-widget_type=\"spacer.default\">\n\t\t\t\t<div class=\"elementor-widget-container\">\n\t\t\t\t\t\t\t<div class=\"elementor-spacer\">\n\t\t\t<div class=\"elementor-spacer-inner\"><\/div>\n\t\t<\/div>\n\t\t\t\t\t\t<\/div>\n\t\t\t\t<\/div>\n\t\t\t\t\t<\/div>\n\t\t<\/div>\n\t\t\t\t<div class=\"elementor-column elementor-col-25 elementor-top-column elementor-element elementor-element-210be34 sc_content_align_inherit sc_layouts_column_icons_position_left sc_fly_static\" data-id=\"210be34\" data-element_type=\"column\">\n\t\t\t<div class=\"elementor-widget-wrap elementor-element-populated\">\n\t\t\t\t\t\t<div class=\"elementor-element elementor-element-cd88cf2 sc_fly_static elementor-widget elementor-widget-image\" data-id=\"cd88cf2\" data-element_type=\"widget\" data-widget_type=\"image.default\">\n\t\t\t\t<div class=\"elementor-widget-container\">\n\t\t\t\t\t\t\t\t\t\t\t\t<figure class=\"wp-caption\">\n\t\t\t\t\t\t\t\t\t\t\t<a href=\"https:\/\/ib3alacarta.com\/tv\/aldia.\/e1736\/4130\" target=\"_blank\">\n\t\t\t\t\t\t\t<img loading=\"lazy\" decoding=\"async\" width=\"320\" height=\"320\" src=\"https:\/\/ordenamigas.es\/wp-content\/uploads\/2025\/05\/organizar-despensa.jpg\" class=\"attachment-large size-large wp-image-23716\" alt=\"Organizar Despensa\" srcset=\"https:\/\/ordenamigas.es\/wp-content\/uploads\/2025\/05\/organizar-despensa.jpg 320w, https:\/\/ordenamigas.es\/wp-content\/uploads\/2025\/05\/organizar-despensa-300x300.jpg 300w, https:\/\/ordenamigas.es\/wp-content\/uploads\/2025\/05\/organizar-despensa-150x150.jpg 150w, https:\/\/ordenamigas.es\/wp-content\/uploads\/2025\/05\/organizar-despensa-120x120.jpg 120w\" sizes=\"(max-width: 600px) 100vw, 320px\" \/>\t\t\t\t\t\t\t\t<\/a>\n\t\t\t\t\t\t\t\t\t\t\t<figcaption class=\"widget-image-caption wp-caption-text\"><p style=\"font-size: 19px;font-family: Montserrat, sans-serif\">Nous parlons de comment organiser notre garde-manger - Al D\u00eda IB3 02\/07\/24 (min 68)<\/p><\/figcaption>\n\t\t\t\t\t\t\t\t\t\t<\/figure>\n\t\t\t\t\t\t\t\t\t<\/div>\n\t\t\t\t<\/div>\n\t\t\t\t<div class=\"elementor-element elementor-element-922e41d sc_fly_static elementor-widget elementor-widget-spacer\" data-id=\"922e41d\" data-element_type=\"widget\" data-widget_type=\"spacer.default\">\n\t\t\t\t<div class=\"elementor-widget-container\">\n\t\t\t\t\t\t\t<div class=\"elementor-spacer\">\n\t\t\t<div class=\"elementor-spacer-inner\"><\/div>\n\t\t<\/div>\n\t\t\t\t\t\t<\/div>\n\t\t\t\t<\/div>\n\t\t\t\t\t<\/div>\n\t\t<\/div>\n\t\t\t\t<div class=\"elementor-column elementor-col-25 elementor-top-column elementor-element elementor-element-9da850d sc_content_align_inherit sc_layouts_column_icons_position_left sc_fly_static\" data-id=\"9da850d\" data-element_type=\"column\">\n\t\t\t<div class=\"elementor-widget-wrap elementor-element-populated\">\n\t\t\t\t\t\t<div class=\"elementor-element elementor-element-d962924 sc_fly_static elementor-widget elementor-widget-image\" data-id=\"d962924\" data-element_type=\"widget\" data-widget_type=\"image.default\">\n\t\t\t\t<div class=\"elementor-widget-container\">\n\t\t\t\t\t\t\t\t\t\t\t\t<figure class=\"wp-caption\">\n\t\t\t\t\t\t\t\t\t\t\t<a href=\"https:\/\/ib3alacarta.com\/tv\/cincdies\/e1800\/2034\" target=\"_blank\">\n\t\t\t\t\t\t\t<img loading=\"lazy\" decoding=\"async\" width=\"320\" height=\"320\" src=\"https:\/\/ordenamigas.es\/wp-content\/uploads\/2025\/04\/foto_16.png\" class=\"attachment-large size-large wp-image-22118\" alt=\"Maleta Verano\" srcset=\"https:\/\/ordenamigas.es\/wp-content\/uploads\/2025\/04\/foto_16.png 320w, https:\/\/ordenamigas.es\/wp-content\/uploads\/2025\/04\/foto_16-300x300.png 300w, https:\/\/ordenamigas.es\/wp-content\/uploads\/2025\/04\/foto_16-150x150.png 150w, https:\/\/ordenamigas.es\/wp-content\/uploads\/2025\/04\/foto_16-120x120.png 120w\" sizes=\"(max-width: 600px) 100vw, 320px\" \/>\t\t\t\t\t\t\t\t<\/a>\n\t\t\t\t\t\t\t\t\t\t\t<figcaption class=\"widget-image-caption wp-caption-text\"><p style=\"font-size: 19px;font-family: Montserrat, sans-serif\">Valise d'\u00e9t\u00e9 Cinc dies - IB3 12\/07\/24 (min 33)<\/p><\/figcaption>\n\t\t\t\t\t\t\t\t\t\t<\/figure>\n\t\t\t\t\t\t\t\t\t<\/div>\n\t\t\t\t<\/div>\n\t\t\t\t<div class=\"elementor-element elementor-element-0828a13 sc_fly_static elementor-widget elementor-widget-spacer\" data-id=\"0828a13\" data-element_type=\"widget\" data-widget_type=\"spacer.default\">\n\t\t\t\t<div class=\"elementor-widget-container\">\n\t\t\t\t\t\t\t<div class=\"elementor-spacer\">\n\t\t\t<div class=\"elementor-spacer-inner\"><\/div>\n\t\t<\/div>\n\t\t\t\t\t\t<\/div>\n\t\t\t\t<\/div>\n\t\t\t\t\t<\/div>\n\t\t<\/div>\n\t\t\t\t\t<\/div>\n\t\t<\/section>\n\t\t\t\t<section class=\"elementor-section elementor-top-section elementor-element elementor-element-17483c2 elementor-section-boxed elementor-section-height-default elementor-section-height-default sc_fly_static\" data-id=\"17483c2\" data-element_type=\"section\">\n\t\t\t\t\t\t<div class=\"elementor-container elementor-column-gap-extended\">\n\t\t\t\t\t<div class=\"elementor-column elementor-col-25 elementor-top-column elementor-element elementor-element-3013a11 sc_content_align_inherit sc_layouts_column_icons_position_left sc_fly_static\" data-id=\"3013a11\" data-element_type=\"column\">\n\t\t\t<div class=\"elementor-widget-wrap elementor-element-populated\">\n\t\t\t\t\t\t<div class=\"elementor-element elementor-element-95a5928 sc_fly_static elementor-widget elementor-widget-image\" data-id=\"95a5928\" data-element_type=\"widget\" data-widget_type=\"image.default\">\n\t\t\t\t<div class=\"elementor-widget-container\">\n\t\t\t\t\t\t\t\t\t\t\t\t<figure class=\"wp-caption\">\n\t\t\t\t\t\t\t\t\t\t\t<a href=\"https:\/\/ib3alacarta.com\/tv\/aldia.\/e1677\/3050\" target=\"_blank\">\n\t\t\t\t\t\t\t<img loading=\"lazy\" decoding=\"async\" width=\"320\" height=\"320\" src=\"https:\/\/ordenamigas.es\/wp-content\/uploads\/2025\/04\/foto_9-1.png\" class=\"attachment-large size-large wp-image-22090\" alt=\"Orden Armario\" srcset=\"https:\/\/ordenamigas.es\/wp-content\/uploads\/2025\/04\/foto_9-1.png 320w, https:\/\/ordenamigas.es\/wp-content\/uploads\/2025\/04\/foto_9-1-300x300.png 300w, https:\/\/ordenamigas.es\/wp-content\/uploads\/2025\/04\/foto_9-1-150x150.png 150w, https:\/\/ordenamigas.es\/wp-content\/uploads\/2025\/04\/foto_9-1-120x120.png 120w, https:\/\/ordenamigas.es\/wp-content\/uploads\/2025\/04\/elementor\/thumbs\/foto_9-1-150x150.png 1024w\" sizes=\"(max-width: 600px) 100vw, 320px\" \/>\t\t\t\t\t\t\t\t<\/a>\n\t\t\t\t\t\t\t\t\t\t\t<figcaption class=\"widget-image-caption wp-caption-text\"><p style=\"font-size: 19px;font-family: Montserrat, sans-serif\">Mettons de l'ordre dans notre armoire - Al D\u00eda IB3 09\/04\/24 (min 51)<\/p><\/figcaption>\n\t\t\t\t\t\t\t\t\t\t<\/figure>\n\t\t\t\t\t\t\t\t\t<\/div>\n\t\t\t\t<\/div>\n\t\t\t\t<div class=\"elementor-element elementor-element-c1386a5 sc_fly_static elementor-widget elementor-widget-spacer\" data-id=\"c1386a5\" data-element_type=\"widget\" data-widget_type=\"spacer.default\">\n\t\t\t\t<div class=\"elementor-widget-container\">\n\t\t\t\t\t\t\t<div class=\"elementor-spacer\">\n\t\t\t<div class=\"elementor-spacer-inner\"><\/div>\n\t\t<\/div>\n\t\t\t\t\t\t<\/div>\n\t\t\t\t<\/div>\n\t\t\t\t\t<\/div>\n\t\t<\/div>\n\t\t\t\t<div class=\"elementor-column elementor-col-25 elementor-top-column elementor-element elementor-element-8f54c79 sc_content_align_inherit sc_layouts_column_icons_position_left sc_fly_static\" data-id=\"8f54c79\" data-element_type=\"column\">\n\t\t\t<div class=\"elementor-widget-wrap elementor-element-populated\">\n\t\t\t\t\t\t<div class=\"elementor-element elementor-element-b15fbde sc_fly_static elementor-widget elementor-widget-image\" data-id=\"b15fbde\" data-element_type=\"widget\" data-widget_type=\"image.default\">\n\t\t\t\t<div class=\"elementor-widget-container\">\n\t\t\t\t\t\t\t\t\t\t\t\t<figure class=\"wp-caption\">\n\t\t\t\t\t\t\t\t\t\t\t<a href=\"https:\/\/ib3alacarta.com\/play\/tv\/aldia.\/e1687\/3208\" target=\"_blank\">\n\t\t\t\t\t\t\t<img loading=\"lazy\" decoding=\"async\" width=\"320\" height=\"320\" src=\"https:\/\/ordenamigas.es\/wp-content\/uploads\/2025\/04\/foto_10-1.png\" class=\"attachment-large size-large wp-image-22094\" alt=\"Orden Cocina\" srcset=\"https:\/\/ordenamigas.es\/wp-content\/uploads\/2025\/04\/foto_10-1.png 320w, https:\/\/ordenamigas.es\/wp-content\/uploads\/2025\/04\/foto_10-1-300x300.png 300w, https:\/\/ordenamigas.es\/wp-content\/uploads\/2025\/04\/foto_10-1-150x150.png 150w, https:\/\/ordenamigas.es\/wp-content\/uploads\/2025\/04\/foto_10-1-120x120.png 120w\" sizes=\"(max-width: 600px) 100vw, 320px\" \/>\t\t\t\t\t\t\t\t<\/a>\n\t\t\t\t\t\t\t\t\t\t\t<figcaption class=\"widget-image-caption wp-caption-text\"><p style=\"font-size: 19px;font-family: Montserrat, sans-serif\">Mettons de l'ordre dans notre cuisine - Al D\u00eda IB3 23\/04\/24 (min 58)<\/p><\/figcaption>\n\t\t\t\t\t\t\t\t\t\t<\/figure>\n\t\t\t\t\t\t\t\t\t<\/div>\n\t\t\t\t<\/div>\n\t\t\t\t<div class=\"elementor-element elementor-element-1e0d58c sc_fly_static elementor-widget elementor-widget-spacer\" data-id=\"1e0d58c\" data-element_type=\"widget\" data-widget_type=\"spacer.default\">\n\t\t\t\t<div class=\"elementor-widget-container\">\n\t\t\t\t\t\t\t<div class=\"elementor-spacer\">\n\t\t\t<div class=\"elementor-spacer-inner\"><\/div>\n\t\t<\/div>\n\t\t\t\t\t\t<\/div>\n\t\t\t\t<\/div>\n\t\t\t\t\t<\/div>\n\t\t<\/div>\n\t\t\t\t<div class=\"elementor-column elementor-col-25 elementor-top-column elementor-element elementor-element-87294d9 sc_content_align_inherit sc_layouts_column_icons_position_left sc_fly_static\" data-id=\"87294d9\" data-element_type=\"column\">\n\t\t\t<div class=\"elementor-widget-wrap elementor-element-populated\">\n\t\t\t\t\t\t<div class=\"elementor-element elementor-element-c2a0aed sc_fly_static elementor-widget elementor-widget-image\" data-id=\"c2a0aed\" data-element_type=\"widget\" data-widget_type=\"image.default\">\n\t\t\t\t<div class=\"elementor-widget-container\">\n\t\t\t\t\t\t\t\t\t\t\t\t<figure class=\"wp-caption\">\n\t\t\t\t\t\t\t\t\t\t\t<a href=\"https:\/\/ib3alacarta.com\/play\/tv\/aldia.\/e1696\/3330\" target=\"_blank\">\n\t\t\t\t\t\t\t<img loading=\"lazy\" decoding=\"async\" width=\"320\" height=\"320\" src=\"https:\/\/ordenamigas.es\/wp-content\/uploads\/2025\/04\/foto_11-1.png\" class=\"attachment-large size-large wp-image-22098\" alt=\"Mudanza Organizada\" srcset=\"https:\/\/ordenamigas.es\/wp-content\/uploads\/2025\/04\/foto_11-1.png 320w, https:\/\/ordenamigas.es\/wp-content\/uploads\/2025\/04\/foto_11-1-300x300.png 300w, https:\/\/ordenamigas.es\/wp-content\/uploads\/2025\/04\/foto_11-1-150x150.png 150w, https:\/\/ordenamigas.es\/wp-content\/uploads\/2025\/04\/foto_11-1-120x120.png 120w\" sizes=\"(max-width: 600px) 100vw, 320px\" \/>\t\t\t\t\t\t\t\t<\/a>\n\t\t\t\t\t\t\t\t\t\t\t<figcaption class=\"widget-image-caption wp-caption-text\"><p style=\"font-size: 19px;font-family: Montserrat, sans-serif\">Mettons de l'ordre dans un d\u00e9m\u00e9nagement - Al D\u00eda IB3 07\/05\/24 (min 55)<\/p><\/figcaption>\n\t\t\t\t\t\t\t\t\t\t<\/figure>\n\t\t\t\t\t\t\t\t\t<\/div>\n\t\t\t\t<\/div>\n\t\t\t\t<div class=\"elementor-element elementor-element-8bb86aa sc_fly_static elementor-widget elementor-widget-spacer\" data-id=\"8bb86aa\" data-element_type=\"widget\" data-widget_type=\"spacer.default\">\n\t\t\t\t<div class=\"elementor-widget-container\">\n\t\t\t\t\t\t\t<div class=\"elementor-spacer\">\n\t\t\t<div class=\"elementor-spacer-inner\"><\/div>\n\t\t<\/div>\n\t\t\t\t\t\t<\/div>\n\t\t\t\t<\/div>\n\t\t\t\t\t<\/div>\n\t\t<\/div>\n\t\t\t\t<div class=\"elementor-column elementor-col-25 elementor-top-column elementor-element elementor-element-bd3389c sc_content_align_inherit sc_layouts_column_icons_position_left sc_fly_static\" data-id=\"bd3389c\" data-element_type=\"column\">\n\t\t\t<div class=\"elementor-widget-wrap elementor-element-populated\">\n\t\t\t\t\t\t<div class=\"elementor-element elementor-element-d440f83 sc_fly_static elementor-widget elementor-widget-image\" data-id=\"d440f83\" data-element_type=\"widget\" data-widget_type=\"image.default\">\n\t\t\t\t<div class=\"elementor-widget-container\">\n\t\t\t\t\t\t\t\t\t\t\t\t<figure class=\"wp-caption\">\n\t\t\t\t\t\t\t\t\t\t\t<a href=\"https:\/\/ib3alacarta.com\/play\/tv\/aldia.\/e1706\/3175\" target=\"_blank\">\n\t\t\t\t\t\t\t<img loading=\"lazy\" decoding=\"async\" width=\"320\" height=\"320\" src=\"https:\/\/ordenamigas.es\/wp-content\/uploads\/2025\/05\/retirar-pertenencias-difunto-1.jpg\" class=\"attachment-large size-large wp-image-23720\" alt=\"Retirar Pertenencias Difunto\" srcset=\"https:\/\/ordenamigas.es\/wp-content\/uploads\/2025\/05\/retirar-pertenencias-difunto-1.jpg 320w, https:\/\/ordenamigas.es\/wp-content\/uploads\/2025\/05\/retirar-pertenencias-difunto-1-300x300.jpg 300w, https:\/\/ordenamigas.es\/wp-content\/uploads\/2025\/05\/retirar-pertenencias-difunto-1-150x150.jpg 150w, https:\/\/ordenamigas.es\/wp-content\/uploads\/2025\/05\/retirar-pertenencias-difunto-1-120x120.jpg 120w\" sizes=\"(max-width: 600px) 100vw, 320px\" \/>\t\t\t\t\t\t\t\t<\/a>\n\t\t\t\t\t\t\t\t\t\t\t<figcaption class=\"widget-image-caption wp-caption-text\"><p style=\"font-size: 19px;font-family: Montserrat, sans-serif\">Nous apprenons comment retirer les effets d'un d\u00e9funt. - Al D\u00eda IB3 21\/05\/24 (min 52)<\/p><\/figcaption>\n\t\t\t\t\t\t\t\t\t\t<\/figure>\n\t\t\t\t\t\t\t\t\t<\/div>\n\t\t\t\t<\/div>\n\t\t\t\t<div class=\"elementor-element elementor-element-df1bfbd sc_fly_static elementor-widget elementor-widget-spacer\" data-id=\"df1bfbd\" data-element_type=\"widget\" data-widget_type=\"spacer.default\">\n\t\t\t\t<div class=\"elementor-widget-container\">\n\t\t\t\t\t\t\t<div class=\"elementor-spacer\">\n\t\t\t<div class=\"elementor-spacer-inner\"><\/div>\n\t\t<\/div>\n\t\t\t\t\t\t<\/div>\n\t\t\t\t<\/div>\n\t\t\t\t\t<\/div>\n\t\t<\/div>\n\t\t\t\t\t<\/div>\n\t\t<\/section>\n\t\t\t\t<section class=\"elementor-section elementor-top-section elementor-element elementor-element-fac6c29 elementor-section-boxed elementor-section-height-default elementor-section-height-default sc_fly_static\" data-id=\"fac6c29\" data-element_type=\"section\">\n\t\t\t\t\t\t<div class=\"elementor-container elementor-column-gap-extended\">\n\t\t\t\t\t<div class=\"elementor-column elementor-col-25 elementor-top-column elementor-element elementor-element-ed61564 sc_content_align_inherit sc_layouts_column_icons_position_left sc_fly_static\" data-id=\"ed61564\" data-element_type=\"column\">\n\t\t\t<div class=\"elementor-widget-wrap elementor-element-populated\">\n\t\t\t\t\t\t<div class=\"elementor-element elementor-element-243b4cc sc_fly_static elementor-widget elementor-widget-image\" data-id=\"243b4cc\" data-element_type=\"widget\" data-widget_type=\"image.default\">\n\t\t\t\t<div class=\"elementor-widget-container\">\n\t\t\t\t\t\t\t\t\t\t\t\t<figure class=\"wp-caption\">\n\t\t\t\t\t\t\t\t\t\t\t<a href=\"https:\/\/ib3alacarta.com\/play\/tv\/cincdies\/e1596\/4590\" target=\"_blank\">\n\t\t\t\t\t\t\t<img loading=\"lazy\" decoding=\"async\" width=\"320\" height=\"320\" src=\"https:\/\/ordenamigas.es\/wp-content\/uploads\/2025\/04\/foto5_-1.png\" class=\"attachment-large size-large wp-image-22146\" alt=\"Organizar Escritorio\" srcset=\"https:\/\/ordenamigas.es\/wp-content\/uploads\/2025\/04\/foto5_-1.png 320w, https:\/\/ordenamigas.es\/wp-content\/uploads\/2025\/04\/foto5_-1-300x300.png 300w, https:\/\/ordenamigas.es\/wp-content\/uploads\/2025\/04\/foto5_-1-150x150.png 150w, https:\/\/ordenamigas.es\/wp-content\/uploads\/2025\/04\/foto5_-1-120x120.png 120w\" sizes=\"(max-width: 600px) 100vw, 320px\" \/>\t\t\t\t\t\t\t\t<\/a>\n\t\t\t\t\t\t\t\t\t\t\t<figcaption class=\"widget-image-caption wp-caption-text\"><p style=\"font-size: 19px;font-family: Montserrat, sans-serif\">\u00ab Comment organiser le bureau pour travailler : aujourd\u2019hui, nous vous donnons tous les conseils. \u00bb - Cinc Dies IB3 09\/2023 (min 76)<\/p><\/figcaption>\n\t\t\t\t\t\t\t\t\t\t<\/figure>\n\t\t\t\t\t\t\t\t\t<\/div>\n\t\t\t\t<\/div>\n\t\t\t\t<div class=\"elementor-element elementor-element-a2049f7 sc_fly_static elementor-widget elementor-widget-spacer\" data-id=\"a2049f7\" data-element_type=\"widget\" data-widget_type=\"spacer.default\">\n\t\t\t\t<div class=\"elementor-widget-container\">\n\t\t\t\t\t\t\t<div class=\"elementor-spacer\">\n\t\t\t<div class=\"elementor-spacer-inner\"><\/div>\n\t\t<\/div>\n\t\t\t\t\t\t<\/div>\n\t\t\t\t<\/div>\n\t\t\t\t\t<\/div>\n\t\t<\/div>\n\t\t\t\t<div class=\"elementor-column elementor-col-25 elementor-top-column elementor-element elementor-element-2986161 sc_content_align_inherit sc_layouts_column_icons_position_left sc_fly_static\" data-id=\"2986161\" data-element_type=\"column\">\n\t\t\t<div class=\"elementor-widget-wrap elementor-element-populated\">\n\t\t\t\t\t\t<div class=\"elementor-element elementor-element-24880ad sc_fly_static elementor-widget elementor-widget-image\" data-id=\"24880ad\" data-element_type=\"widget\" data-widget_type=\"image.default\">\n\t\t\t\t<div class=\"elementor-widget-container\">\n\t\t\t\t\t\t\t\t\t\t\t\t<figure class=\"wp-caption\">\n\t\t\t\t\t\t\t\t\t\t\t<a href=\"https:\/\/www.facebook.com\/p\/La-O-Radio-100083570550084\" target=\"_blank\">\n\t\t\t\t\t\t\t<img loading=\"lazy\" decoding=\"async\" width=\"320\" height=\"320\" src=\"https:\/\/ordenamigas.es\/wp-content\/uploads\/2025\/04\/foto6-1.png\" class=\"attachment-large size-large wp-image-22150\" alt=\"Orden Paz Mental\" srcset=\"https:\/\/ordenamigas.es\/wp-content\/uploads\/2025\/04\/foto6-1.png 320w, https:\/\/ordenamigas.es\/wp-content\/uploads\/2025\/04\/foto6-1-300x300.png 300w, https:\/\/ordenamigas.es\/wp-content\/uploads\/2025\/04\/foto6-1-150x150.png 150w, https:\/\/ordenamigas.es\/wp-content\/uploads\/2025\/04\/foto6-1-120x120.png 120w\" sizes=\"(max-width: 600px) 100vw, 320px\" \/>\t\t\t\t\t\t\t\t<\/a>\n\t\t\t\t\t\t\t\t\t\t\t<figcaption class=\"widget-image-caption wp-caption-text\"><p style=\"font-size: 19px;font-family: Montserrat, sans-serif\">\u00ab Mets de l'ordre dans ta vie et tu auras la paix int\u00e9rieure \u00bb - Emisora La O Radio 10\/2023<\/p><\/figcaption>\n\t\t\t\t\t\t\t\t\t\t<\/figure>\n\t\t\t\t\t\t\t\t\t<\/div>\n\t\t\t\t<\/div>\n\t\t\t\t<div class=\"elementor-element elementor-element-201ba68 sc_fly_static elementor-widget elementor-widget-spacer\" data-id=\"201ba68\" data-element_type=\"widget\" data-widget_type=\"spacer.default\">\n\t\t\t\t<div class=\"elementor-widget-container\">\n\t\t\t\t\t\t\t<div class=\"elementor-spacer\">\n\t\t\t<div class=\"elementor-spacer-inner\"><\/div>\n\t\t<\/div>\n\t\t\t\t\t\t<\/div>\n\t\t\t\t<\/div>\n\t\t\t\t\t<\/div>\n\t\t<\/div>\n\t\t\t\t<div class=\"elementor-column elementor-col-25 elementor-top-column elementor-element elementor-element-0ecd664 sc_content_align_inherit sc_layouts_column_icons_position_left sc_fly_static\" data-id=\"0ecd664\" data-element_type=\"column\">\n\t\t\t<div class=\"elementor-widget-wrap elementor-element-populated\">\n\t\t\t\t\t\t<div class=\"elementor-element elementor-element-756b6a0 sc_fly_static elementor-widget elementor-widget-image\" data-id=\"756b6a0\" data-element_type=\"widget\" data-widget_type=\"image.default\">\n\t\t\t\t<div class=\"elementor-widget-container\">\n\t\t\t\t\t\t\t\t\t\t\t\t<figure class=\"wp-caption\">\n\t\t\t\t\t\t\t\t\t\t\t<a href=\"https:\/\/ib3alacarta.com\/tv\/cincdies\/e1712\/6656\" target=\"_blank\">\n\t\t\t\t\t\t\t<img loading=\"lazy\" decoding=\"async\" width=\"320\" height=\"320\" src=\"https:\/\/ordenamigas.es\/wp-content\/uploads\/2025\/04\/foto_7.png\" class=\"attachment-large size-large wp-image-22082\" alt=\"Cambio De Casa\" srcset=\"https:\/\/ordenamigas.es\/wp-content\/uploads\/2025\/04\/foto_7.png 320w, https:\/\/ordenamigas.es\/wp-content\/uploads\/2025\/04\/foto_7-300x300.png 300w, https:\/\/ordenamigas.es\/wp-content\/uploads\/2025\/04\/foto_7-150x150.png 150w, https:\/\/ordenamigas.es\/wp-content\/uploads\/2025\/04\/foto_7-120x120.png 120w\" sizes=\"(max-width: 600px) 100vw, 320px\" \/>\t\t\t\t\t\t\t\t<\/a>\n\t\t\t\t\t\t\t\t\t\t\t<figcaption class=\"widget-image-caption wp-caption-text\"><p style=\"font-size: 19px;font-family: Montserrat, sans-serif\">\u00ab Avec de l'organisation, d\u00e9m\u00e9nager ne doit pas \u00eatre un casse-t\u00eate \u00bb - Cinc Dies IB3 03\/2024 (min 1h52m)<\/p><\/figcaption>\n\t\t\t\t\t\t\t\t\t\t<\/figure>\n\t\t\t\t\t\t\t\t\t<\/div>\n\t\t\t\t<\/div>\n\t\t\t\t<div class=\"elementor-element elementor-element-1d913a7 sc_fly_static elementor-widget elementor-widget-spacer\" data-id=\"1d913a7\" data-element_type=\"widget\" data-widget_type=\"spacer.default\">\n\t\t\t\t<div class=\"elementor-widget-container\">\n\t\t\t\t\t\t\t<div class=\"elementor-spacer\">\n\t\t\t<div class=\"elementor-spacer-inner\"><\/div>\n\t\t<\/div>\n\t\t\t\t\t\t<\/div>\n\t\t\t\t<\/div>\n\t\t\t\t\t<\/div>\n\t\t<\/div>\n\t\t\t\t<div class=\"elementor-column elementor-col-25 elementor-top-column elementor-element elementor-element-4a6af7d sc_content_align_inherit sc_layouts_column_icons_position_left sc_fly_static\" data-id=\"4a6af7d\" data-element_type=\"column\">\n\t\t\t<div class=\"elementor-widget-wrap elementor-element-populated\">\n\t\t\t\t\t\t<div class=\"elementor-element elementor-element-794c4ba sc_fly_static elementor-widget elementor-widget-image\" data-id=\"794c4ba\" data-element_type=\"widget\" data-widget_type=\"image.default\">\n\t\t\t\t<div class=\"elementor-widget-container\">\n\t\t\t\t\t\t\t\t\t\t\t\t<figure class=\"wp-caption\">\n\t\t\t\t\t\t\t\t\t\t\t<a href=\"https:\/\/ib3alacarta.com\/play\/tv\/fredicalent\/e340\/3061\" target=\"_blank\">\n\t\t\t\t\t\t\t<img loading=\"lazy\" decoding=\"async\" width=\"320\" height=\"320\" src=\"https:\/\/ordenamigas.es\/wp-content\/uploads\/2025\/04\/foto_8_-1.png\" class=\"attachment-large size-large wp-image-22086\" alt=\"Cocina Ordenada\" srcset=\"https:\/\/ordenamigas.es\/wp-content\/uploads\/2025\/04\/foto_8_-1.png 320w, https:\/\/ordenamigas.es\/wp-content\/uploads\/2025\/04\/foto_8_-1-300x300.png 300w, https:\/\/ordenamigas.es\/wp-content\/uploads\/2025\/04\/foto_8_-1-150x150.png 150w, https:\/\/ordenamigas.es\/wp-content\/uploads\/2025\/04\/foto_8_-1-120x120.png 120w\" sizes=\"(max-width: 600px) 100vw, 320px\" \/>\t\t\t\t\t\t\t\t<\/a>\n\t\t\t\t\t\t\t\t\t\t\t<figcaption class=\"widget-image-caption wp-caption-text\"><p style=\"font-size: 19px;font-family: Montserrat, sans-serif\">Cuisine organis\u00e9e pour prendre plaisir \u00e0 cuisiner - Fred i Calent IB3 03\/2024 (min 51)<\/p><\/figcaption>\n\t\t\t\t\t\t\t\t\t\t<\/figure>\n\t\t\t\t\t\t\t\t\t<\/div>\n\t\t\t\t<\/div>\n\t\t\t\t<div class=\"elementor-element elementor-element-91c1e59 sc_fly_static elementor-widget elementor-widget-spacer\" data-id=\"91c1e59\" data-element_type=\"widget\" data-widget_type=\"spacer.default\">\n\t\t\t\t<div class=\"elementor-widget-container\">\n\t\t\t\t\t\t\t<div class=\"elementor-spacer\">\n\t\t\t<div class=\"elementor-spacer-inner\"><\/div>\n\t\t<\/div>\n\t\t\t\t\t\t<\/div>\n\t\t\t\t<\/div>\n\t\t\t\t\t<\/div>\n\t\t<\/div>\n\t\t\t\t\t<\/div>\n\t\t<\/section>\n\t\t\t\t<section class=\"elementor-section elementor-top-section elementor-element elementor-element-1a33858 elementor-section-boxed elementor-section-height-default elementor-section-height-default sc_fly_static\" data-id=\"1a33858\" data-element_type=\"section\">\n\t\t\t\t\t\t<div class=\"elementor-container elementor-column-gap-extended\">\n\t\t\t\t\t<div class=\"elementor-column elementor-col-25 elementor-top-column elementor-element elementor-element-06e301b sc_content_align_inherit sc_layouts_column_icons_position_left sc_fly_static\" data-id=\"06e301b\" data-element_type=\"column\">\n\t\t\t<div class=\"elementor-widget-wrap elementor-element-populated\">\n\t\t\t\t\t\t<div class=\"elementor-element elementor-element-c6cee7d sc_fly_static elementor-widget elementor-widget-image\" data-id=\"c6cee7d\" data-element_type=\"widget\" data-widget_type=\"image.default\">\n\t\t\t\t<div class=\"elementor-widget-container\">\n\t\t\t\t\t\t\t\t\t\t\t\t<figure class=\"wp-caption\">\n\t\t\t\t\t\t\t\t\t\t\t<a href=\"https:\/\/www.ultimahora.es\/noticias\/sociedad\/2023\/03\/25\/1906011\/empresas-palma-cosas-ordenadas-ocupan-menos-espacio-las-desordenadas.html\" target=\"_blank\">\n\t\t\t\t\t\t\t<img loading=\"lazy\" decoding=\"async\" width=\"320\" height=\"320\" src=\"https:\/\/ordenamigas.es\/wp-content\/uploads\/2025\/04\/1_ultima_Hora_3_2003_.jpg\" class=\"attachment-large size-large wp-image-21950\" alt=\"Araceli Y Mirella Medios\" srcset=\"https:\/\/ordenamigas.es\/wp-content\/uploads\/2025\/04\/1_ultima_Hora_3_2003_.jpg 320w, https:\/\/ordenamigas.es\/wp-content\/uploads\/2025\/04\/1_ultima_Hora_3_2003_-300x300.jpg 300w, https:\/\/ordenamigas.es\/wp-content\/uploads\/2025\/04\/1_ultima_Hora_3_2003_-150x150.jpg 150w, https:\/\/ordenamigas.es\/wp-content\/uploads\/2025\/04\/1_ultima_Hora_3_2003_-120x120.jpg 120w\" sizes=\"(max-width: 600px) 100vw, 320px\" \/>\t\t\t\t\t\t\t\t<\/a>\n\t\t\t\t\t\t\t\t\t\t\t<figcaption class=\"widget-image-caption wp-caption-text\"><p style=\"font-size: 19px;font-family: Montserrat, sans-serif\">Araceli et Mirella sont amies. Et en ce qui concerne leurs affaires, tr\u00e8s organis\u00e9es. Bien que si Araceli aime que ce qui est rang\u00e9 soit visible, \u00ab parce que si tu ne le vois pas, tu ne l\u2019utilises pas \u00bb, Mirella pr\u00e9f\u00e8re que ce qui est rang\u00e9 soit cach\u00e9, et non visible. Derni\u00e8re Minute 03\/2023<\/p><\/figcaption>\n\t\t\t\t\t\t\t\t\t\t<\/figure>\n\t\t\t\t\t\t\t\t\t<\/div>\n\t\t\t\t<\/div>\n\t\t\t\t<div class=\"elementor-element elementor-element-5311a08 sc_fly_static elementor-widget elementor-widget-spacer\" data-id=\"5311a08\" data-element_type=\"widget\" data-widget_type=\"spacer.default\">\n\t\t\t\t<div class=\"elementor-widget-container\">\n\t\t\t\t\t\t\t<div class=\"elementor-spacer\">\n\t\t\t<div class=\"elementor-spacer-inner\"><\/div>\n\t\t<\/div>\n\t\t\t\t\t\t<\/div>\n\t\t\t\t<\/div>\n\t\t\t\t\t<\/div>\n\t\t<\/div>\n\t\t\t\t<div class=\"elementor-column elementor-col-25 elementor-top-column elementor-element elementor-element-c9c39af sc_content_align_inherit sc_layouts_column_icons_position_left sc_fly_static\" data-id=\"c9c39af\" data-element_type=\"column\">\n\t\t\t<div class=\"elementor-widget-wrap elementor-element-populated\">\n\t\t\t\t\t\t<div class=\"elementor-element elementor-element-0a00946 sc_fly_static elementor-widget elementor-widget-image\" data-id=\"0a00946\" data-element_type=\"widget\" data-widget_type=\"image.default\">\n\t\t\t\t<div class=\"elementor-widget-container\">\n\t\t\t\t\t\t\t\t\t\t\t\t<figure class=\"wp-caption\">\n\t\t\t\t\t\t\t\t\t\t\t<a href=\"https:\/\/ib3alacarta.com\/play\/tv\/cincdies\/e1488\" target=\"_blank\">\n\t\t\t\t\t\t\t<img loading=\"lazy\" decoding=\"async\" width=\"320\" height=\"320\" src=\"https:\/\/ordenamigas.es\/wp-content\/uploads\/2025\/04\/foto_2_.png\" class=\"attachment-medium_large size-medium_large wp-image-22066\" alt=\"Doblar Ropa\" srcset=\"https:\/\/ordenamigas.es\/wp-content\/uploads\/2025\/04\/foto_2_.png 320w, https:\/\/ordenamigas.es\/wp-content\/uploads\/2025\/04\/foto_2_-300x300.png 300w, https:\/\/ordenamigas.es\/wp-content\/uploads\/2025\/04\/foto_2_-150x150.png 150w, https:\/\/ordenamigas.es\/wp-content\/uploads\/2025\/04\/foto_2_-120x120.png 120w\" sizes=\"(max-width: 600px) 100vw, 320px\" \/>\t\t\t\t\t\t\t\t<\/a>\n\t\t\t\t\t\t\t\t\t\t\t<figcaption class=\"widget-image-caption wp-caption-text\"><p style=\"font-size: 19px;font-family: Montserrat, sans-serif\">\u00ab Bien plier les v\u00eatements nous aidera \u00e0 gagner de la place \u00bb Cinc Dies IB3 04\/2023<\/p><\/figcaption>\n\t\t\t\t\t\t\t\t\t\t<\/figure>\n\t\t\t\t\t\t\t\t\t<\/div>\n\t\t\t\t<\/div>\n\t\t\t\t<div class=\"elementor-element elementor-element-2cbdde6 sc_fly_static elementor-widget elementor-widget-spacer\" data-id=\"2cbdde6\" data-element_type=\"widget\" data-widget_type=\"spacer.default\">\n\t\t\t\t<div class=\"elementor-widget-container\">\n\t\t\t\t\t\t\t<div class=\"elementor-spacer\">\n\t\t\t<div class=\"elementor-spacer-inner\"><\/div>\n\t\t<\/div>\n\t\t\t\t\t\t<\/div>\n\t\t\t\t<\/div>\n\t\t\t\t\t<\/div>\n\t\t<\/div>\n\t\t\t\t<div class=\"elementor-column elementor-col-25 elementor-top-column elementor-element elementor-element-7aa9ea7 sc_content_align_inherit sc_layouts_column_icons_position_left sc_fly_static\" data-id=\"7aa9ea7\" data-element_type=\"column\">\n\t\t\t<div class=\"elementor-widget-wrap elementor-element-populated\">\n\t\t\t\t\t\t<div class=\"elementor-element elementor-element-2e6246c sc_fly_static elementor-widget elementor-widget-image\" data-id=\"2e6246c\" data-element_type=\"widget\" data-widget_type=\"image.default\">\n\t\t\t\t<div class=\"elementor-widget-container\">\n\t\t\t\t\t\t\t\t\t\t\t\t<figure class=\"wp-caption\">\n\t\t\t\t\t\t\t\t\t\t\t<a href=\"https:\/\/ib3alacarta.com\/play\/tv\/cincdies\/e1505\/2404\" target=\"_blank\">\n\t\t\t\t\t\t\t<img loading=\"lazy\" decoding=\"async\" width=\"320\" height=\"320\" src=\"https:\/\/ordenamigas.es\/wp-content\/uploads\/2025\/04\/foto_3.png\" class=\"attachment-large size-large wp-image-22070\" alt=\"Ordenar Nevera\" srcset=\"https:\/\/ordenamigas.es\/wp-content\/uploads\/2025\/04\/foto_3.png 320w, https:\/\/ordenamigas.es\/wp-content\/uploads\/2025\/04\/foto_3-300x300.png 300w, https:\/\/ordenamigas.es\/wp-content\/uploads\/2025\/04\/foto_3-150x150.png 150w, https:\/\/ordenamigas.es\/wp-content\/uploads\/2025\/04\/foto_3-120x120.png 120w\" sizes=\"(max-width: 600px) 100vw, 320px\" \/>\t\t\t\t\t\t\t\t<\/a>\n\t\t\t\t\t\t\t\t\t\t\t<figcaption class=\"widget-image-caption wp-caption-text\"><p style=\"font-size: 19px;font-family: Montserrat, sans-serif\">\u00ab Nous apprenons \u00e0 organiser tous les aliments dans le r\u00e9frig\u00e9rateur pour optimiser l\u2019espace \u00bb Cinc Dies IB3 05\/2023 (min 40)<\/p><\/figcaption>\n\t\t\t\t\t\t\t\t\t\t<\/figure>\n\t\t\t\t\t\t\t\t\t<\/div>\n\t\t\t\t<\/div>\n\t\t\t\t<div class=\"elementor-element elementor-element-9d7abb5 sc_fly_static elementor-widget elementor-widget-spacer\" data-id=\"9d7abb5\" data-element_type=\"widget\" data-widget_type=\"spacer.default\">\n\t\t\t\t<div class=\"elementor-widget-container\">\n\t\t\t\t\t\t\t<div class=\"elementor-spacer\">\n\t\t\t<div class=\"elementor-spacer-inner\"><\/div>\n\t\t<\/div>\n\t\t\t\t\t\t<\/div>\n\t\t\t\t<\/div>\n\t\t\t\t\t<\/div>\n\t\t<\/div>\n\t\t\t\t<div class=\"elementor-column elementor-col-25 elementor-top-column elementor-element elementor-element-c60c56e sc_content_align_inherit sc_layouts_column_icons_position_left sc_fly_static\" data-id=\"c60c56e\" data-element_type=\"column\">\n\t\t\t<div class=\"elementor-widget-wrap elementor-element-populated\">\n\t\t\t\t\t\t<div class=\"elementor-element elementor-element-ab3bdaf sc_fly_static elementor-widget elementor-widget-image\" data-id=\"ab3bdaf\" data-element_type=\"widget\" data-widget_type=\"image.default\">\n\t\t\t\t<div class=\"elementor-widget-container\">\n\t\t\t\t\t\t\t\t\t\t\t\t<figure class=\"wp-caption\">\n\t\t\t\t\t\t\t\t\t\t\t<a href=\"https:\/\/www.mallorcamagazin.com\/nachrichten\/lokales\/2023\/06\/11\/112369\/zwei-spanierinnen-bringen-mit-ihrem-neuen-unternehmen-ordnung-die-haushalte-auf-mallorca.html\" target=\"_blank\">\n\t\t\t\t\t\t\t<img loading=\"lazy\" decoding=\"async\" width=\"320\" height=\"320\" src=\"https:\/\/ordenamigas.es\/wp-content\/uploads\/2025\/04\/foto_4_-1.png\" class=\"attachment-large size-large wp-image-22074\" alt=\"Eine Gemeinsame Leiden Schaft\" srcset=\"https:\/\/ordenamigas.es\/wp-content\/uploads\/2025\/04\/foto_4_-1.png 320w, https:\/\/ordenamigas.es\/wp-content\/uploads\/2025\/04\/foto_4_-1-300x300.png 300w, https:\/\/ordenamigas.es\/wp-content\/uploads\/2025\/04\/foto_4_-1-150x150.png 150w, https:\/\/ordenamigas.es\/wp-content\/uploads\/2025\/04\/foto_4_-1-120x120.png 120w\" sizes=\"(max-width: 600px) 100vw, 320px\" \/>\t\t\t\t\t\t\t\t<\/a>\n\t\t\t\t\t\t\t\t\t\t\t<figcaption class=\"widget-image-caption wp-caption-text\"><p style=\"font-size: 19px;font-family: Montserrat, sans-serif\">\u00ab Une passion commune : cr\u00e9er de l\u2019ordre dans les maisons et les appartements \u00bb Mallorca Magazin 06\/2023<\/p><\/figcaption>\n\t\t\t\t\t\t\t\t\t\t<\/figure>\n\t\t\t\t\t\t\t\t\t<\/div>\n\t\t\t\t<\/div>\n\t\t\t\t\t<\/div>\n\t\t<\/div>\n\t\t\t\t\t<\/div>\n\t\t<\/section>\n\t\t\t\t<\/div>\n\t\t","protected":false},"excerpt":{"rendered":"<p>Ordenamigas dans les m\u00e9dias Notre passion pour l&#8217;ordre et l&#8217;organisation s&#8217;est propag\u00e9e dans les maisons et a atteint divers m\u00e9dias. Ordenamigas a \u00e9t\u00e9 pr\u00e9sent\u00e9 sur de nombreuses plateformes, partageant des&hellip;<\/p>\n","protected":false},"author":1,"featured_media":0,"parent":0,"menu_order":0,"comment_status":"closed","ping_status":"closed","template":"","meta":{"footnotes":""},"class_list":["post-24534","page","type-page","status-publish","hentry"],"yoast_head":"<!-- This site is optimized with the Yoast SEO plugin v24.7 - https:\/\/yoast.com\/wordpress\/plugins\/seo\/ -->\n<title>Les m\u00e9dias | Ordenamigas - Organisez bureau et maison \u00e0 Majorque<\/title>\n<meta name=\"description\" content=\"Pr\u00e9sence d\u2019Ordenamigas dans les m\u00e9dias qui montre comment l\u2019organisation am\u00e9liore la vie et les espaces de mani\u00e8re professionnelle.\" \/>\n<meta name=\"robots\" content=\"index, follow, max-snippet:-1, max-image-preview:large, max-video-preview:-1\" \/>\n<link rel=\"canonical\" href=\"https:\/\/ordenamigas.es\/fr\/les-medias\/\" \/>\n<meta property=\"og:locale\" content=\"fr_FR\" \/>\n<meta property=\"og:type\" content=\"article\" \/>\n<meta property=\"og:title\" content=\"Les m\u00e9dias | Ordenamigas - Organisez bureau et maison \u00e0 Majorque\" \/>\n<meta property=\"og:description\" content=\"Pr\u00e9sence d\u2019Ordenamigas dans les m\u00e9dias qui montre comment l\u2019organisation am\u00e9liore la vie et les espaces de mani\u00e8re professionnelle.\" \/>\n<meta property=\"og:url\" content=\"https:\/\/ordenamigas.es\/fr\/les-medias\/\" \/>\n<meta property=\"og:site_name\" content=\"Ordenamigas\" \/>\n<meta property=\"article:modified_time\" content=\"2025-08-19T07:45:41+00:00\" \/>\n<meta property=\"og:image\" content=\"https:\/\/ordenamigas.es\/wp-content\/uploads\/2025\/05\/SaludMentalOrden.png\" \/>\n\t<meta property=\"og:image:width\" content=\"320\" \/>\n\t<meta property=\"og:image:height\" content=\"320\" \/>\n\t<meta property=\"og:image:type\" content=\"image\/png\" \/>\n<meta name=\"twitter:card\" content=\"summary_large_image\" \/>\n<meta name=\"twitter:label1\" content=\"Dur\u00e9e de lecture estim\u00e9e\" \/>\n\t<meta name=\"twitter:data1\" content=\"7 minutes\" \/>\n<script type=\"application\/ld+json\" class=\"yoast-schema-graph\">{\"@context\":\"https:\/\/schema.org\",\"@graph\":[{\"@type\":\"WebPage\",\"@id\":\"https:\/\/ordenamigas.es\/fr\/les-medias\/\",\"url\":\"https:\/\/ordenamigas.es\/fr\/les-medias\/\",\"name\":\"Les m\u00e9dias | Ordenamigas - Organisez bureau et maison \u00e0 Majorque\",\"isPartOf\":{\"@id\":\"https:\/\/ordenamigas.es\/fr\/#website\"},\"primaryImageOfPage\":{\"@id\":\"https:\/\/ordenamigas.es\/fr\/les-medias\/#primaryimage\"},\"image\":{\"@id\":\"https:\/\/ordenamigas.es\/fr\/les-medias\/#primaryimage\"},\"thumbnailUrl\":\"https:\/\/ordenamigas.es\/wp-content\/uploads\/2025\/05\/SaludMentalOrden.png\",\"datePublished\":\"2025-04-01T07:39:30+00:00\",\"dateModified\":\"2025-08-19T07:45:41+00:00\",\"description\":\"Pr\u00e9sence d\u2019Ordenamigas dans les m\u00e9dias qui montre comment l\u2019organisation am\u00e9liore la vie et les espaces de mani\u00e8re professionnelle.\",\"breadcrumb\":{\"@id\":\"https:\/\/ordenamigas.es\/fr\/les-medias\/#breadcrumb\"},\"inLanguage\":\"fr-FR\",\"potentialAction\":[{\"@type\":\"ReadAction\",\"target\":[\"https:\/\/ordenamigas.es\/fr\/les-medias\/\"]}]},{\"@type\":\"ImageObject\",\"inLanguage\":\"fr-FR\",\"@id\":\"https:\/\/ordenamigas.es\/fr\/les-medias\/#primaryimage\",\"url\":\"https:\/\/ordenamigas.es\/wp-content\/uploads\/2025\/05\/SaludMentalOrden.png\",\"contentUrl\":\"https:\/\/ordenamigas.es\/wp-content\/uploads\/2025\/05\/SaludMentalOrden.png\"},{\"@type\":\"BreadcrumbList\",\"@id\":\"https:\/\/ordenamigas.es\/fr\/les-medias\/#breadcrumb\",\"itemListElement\":[{\"@type\":\"ListItem\",\"position\":1,\"name\":\"Portada\",\"item\":\"https:\/\/ordenamigas.es\/fr\/\"},{\"@type\":\"ListItem\",\"position\":2,\"name\":\"Les m\u00e9dias\"}]},{\"@type\":\"WebSite\",\"@id\":\"https:\/\/ordenamigas.es\/fr\/#website\",\"url\":\"https:\/\/ordenamigas.es\/fr\/\",\"name\":\"Ordenamigas\",\"description\":\"Organisez bureau et maison \u00e0 Majorque\",\"publisher\":{\"@id\":\"https:\/\/ordenamigas.es\/fr\/#organization\"},\"potentialAction\":[{\"@type\":\"SearchAction\",\"target\":{\"@type\":\"EntryPoint\",\"urlTemplate\":\"https:\/\/ordenamigas.es\/fr\/?s={search_term_string}\"},\"query-input\":{\"@type\":\"PropertyValueSpecification\",\"valueRequired\":true,\"valueName\":\"search_term_string\"}}],\"inLanguage\":\"fr-FR\"},{\"@type\":\"Organization\",\"@id\":\"https:\/\/ordenamigas.es\/fr\/#organization\",\"name\":\"Ordenamigas\",\"url\":\"https:\/\/ordenamigas.es\/fr\/\",\"logo\":{\"@type\":\"ImageObject\",\"inLanguage\":\"fr-FR\",\"@id\":\"https:\/\/ordenamigas.es\/fr\/#\/schema\/logo\/image\/\",\"url\":\"https:\/\/ordenamigas.es\/wp-content\/uploads\/2025\/03\/logo-horizontal-ordenamigas.png\",\"contentUrl\":\"https:\/\/ordenamigas.es\/wp-content\/uploads\/2025\/03\/logo-horizontal-ordenamigas.png\",\"width\":1092,\"height\":347,\"caption\":\"Ordenamigas\"},\"image\":{\"@id\":\"https:\/\/ordenamigas.es\/fr\/#\/schema\/logo\/image\/\"}}]}<\/script>\n<!-- \/ Yoast SEO plugin. -->","yoast_head_json":{"title":"Les m\u00e9dias | Ordenamigas - Organisez bureau et maison \u00e0 Majorque","description":"Pr\u00e9sence d\u2019Ordenamigas dans les m\u00e9dias qui montre comment l\u2019organisation am\u00e9liore la vie et les espaces de mani\u00e8re professionnelle.","robots":{"index":"index","follow":"follow","max-snippet":"max-snippet:-1","max-image-preview":"max-image-preview:large","max-video-preview":"max-video-preview:-1"},"canonical":"https:\/\/ordenamigas.es\/fr\/les-medias\/","og_locale":"fr_FR","og_type":"article","og_title":"Les m\u00e9dias | Ordenamigas - Organisez bureau et maison \u00e0 Majorque","og_description":"Pr\u00e9sence d\u2019Ordenamigas dans les m\u00e9dias qui montre comment l\u2019organisation am\u00e9liore la vie et les espaces de mani\u00e8re professionnelle.","og_url":"https:\/\/ordenamigas.es\/fr\/les-medias\/","og_site_name":"Ordenamigas","article_modified_time":"2025-08-19T07:45:41+00:00","og_image":[{"width":320,"height":320,"url":"https:\/\/ordenamigas.es\/wp-content\/uploads\/2025\/05\/SaludMentalOrden.png","type":"image\/png"}],"twitter_card":"summary_large_image","twitter_misc":{"Dur\u00e9e de lecture estim\u00e9e":"7 minutes"},"schema":{"@context":"https:\/\/schema.org","@graph":[{"@type":"WebPage","@id":"https:\/\/ordenamigas.es\/fr\/les-medias\/","url":"https:\/\/ordenamigas.es\/fr\/les-medias\/","name":"Les m\u00e9dias | Ordenamigas - Organisez bureau et maison \u00e0 Majorque","isPartOf":{"@id":"https:\/\/ordenamigas.es\/fr\/#website"},"primaryImageOfPage":{"@id":"https:\/\/ordenamigas.es\/fr\/les-medias\/#primaryimage"},"image":{"@id":"https:\/\/ordenamigas.es\/fr\/les-medias\/#primaryimage"},"thumbnailUrl":"https:\/\/ordenamigas.es\/wp-content\/uploads\/2025\/05\/SaludMentalOrden.png","datePublished":"2025-04-01T07:39:30+00:00","dateModified":"2025-08-19T07:45:41+00:00","description":"Pr\u00e9sence d\u2019Ordenamigas dans les m\u00e9dias qui montre comment l\u2019organisation am\u00e9liore la vie et les espaces de mani\u00e8re professionnelle.","breadcrumb":{"@id":"https:\/\/ordenamigas.es\/fr\/les-medias\/#breadcrumb"},"inLanguage":"fr-FR","potentialAction":[{"@type":"ReadAction","target":["https:\/\/ordenamigas.es\/fr\/les-medias\/"]}]},{"@type":"ImageObject","inLanguage":"fr-FR","@id":"https:\/\/ordenamigas.es\/fr\/les-medias\/#primaryimage","url":"https:\/\/ordenamigas.es\/wp-content\/uploads\/2025\/05\/SaludMentalOrden.png","contentUrl":"https:\/\/ordenamigas.es\/wp-content\/uploads\/2025\/05\/SaludMentalOrden.png"},{"@type":"BreadcrumbList","@id":"https:\/\/ordenamigas.es\/fr\/les-medias\/#breadcrumb","itemListElement":[{"@type":"ListItem","position":1,"name":"Portada","item":"https:\/\/ordenamigas.es\/fr\/"},{"@type":"ListItem","position":2,"name":"Les m\u00e9dias"}]},{"@type":"WebSite","@id":"https:\/\/ordenamigas.es\/fr\/#website","url":"https:\/\/ordenamigas.es\/fr\/","name":"Ordenamigas","description":"Organisez bureau et maison \u00e0 Majorque","publisher":{"@id":"https:\/\/ordenamigas.es\/fr\/#organization"},"potentialAction":[{"@type":"SearchAction","target":{"@type":"EntryPoint","urlTemplate":"https:\/\/ordenamigas.es\/fr\/?s={search_term_string}"},"query-input":{"@type":"PropertyValueSpecification","valueRequired":true,"valueName":"search_term_string"}}],"inLanguage":"fr-FR"},{"@type":"Organization","@id":"https:\/\/ordenamigas.es\/fr\/#organization","name":"Ordenamigas","url":"https:\/\/ordenamigas.es\/fr\/","logo":{"@type":"ImageObject","inLanguage":"fr-FR","@id":"https:\/\/ordenamigas.es\/fr\/#\/schema\/logo\/image\/","url":"https:\/\/ordenamigas.es\/wp-content\/uploads\/2025\/03\/logo-horizontal-ordenamigas.png","contentUrl":"https:\/\/ordenamigas.es\/wp-content\/uploads\/2025\/03\/logo-horizontal-ordenamigas.png","width":1092,"height":347,"caption":"Ordenamigas"},"image":{"@id":"https:\/\/ordenamigas.es\/fr\/#\/schema\/logo\/image\/"}}]}},"_links":{"self":[{"href":"https:\/\/ordenamigas.es\/fr\/wp-json\/wp\/v2\/pages\/24534","targetHints":{"allow":["GET"]}}],"collection":[{"href":"https:\/\/ordenamigas.es\/fr\/wp-json\/wp\/v2\/pages"}],"about":[{"href":"https:\/\/ordenamigas.es\/fr\/wp-json\/wp\/v2\/types\/page"}],"author":[{"embeddable":true,"href":"https:\/\/ordenamigas.es\/fr\/wp-json\/wp\/v2\/users\/1"}],"replies":[{"embeddable":true,"href":"https:\/\/ordenamigas.es\/fr\/wp-json\/wp\/v2\/comments?post=24534"}],"version-history":[{"count":13,"href":"https:\/\/ordenamigas.es\/fr\/wp-json\/wp\/v2\/pages\/24534\/revisions"}],"predecessor-version":[{"id":25204,"href":"https:\/\/ordenamigas.es\/fr\/wp-json\/wp\/v2\/pages\/24534\/revisions\/25204"}],"wp:attachment":[{"href":"https:\/\/ordenamigas.es\/fr\/wp-json\/wp\/v2\/media?parent=24534"}],"curies":[{"name":"wp","href":"https:\/\/api.w.org\/{rel}","templated":true}]}}