{"id":24590,"date":"2020-04-01T11:33:06","date_gmt":"2020-04-01T09:33:06","guid":{"rendered":"https:\/\/ordenamigas.es\/aviso-legal\/"},"modified":"2025-05-21T12:44:31","modified_gmt":"2025-05-21T10:44:31","slug":"mentions-legales","status":"publish","type":"page","link":"https:\/\/ordenamigas.es\/fr\/mentions-legales\/","title":{"rendered":"Mentions l\u00e9gales"},"content":{"rendered":"\t\t<div data-elementor-type=\"wp-page\" data-elementor-id=\"24590\" class=\"elementor elementor-24590 elementor-8\">\n\t\t\t\t\t\t<section class=\"elementor-section elementor-top-section elementor-element elementor-element-6e8e2cf5 elementor-section-boxed elementor-section-height-default elementor-section-height-default sc_fly_static\" data-id=\"6e8e2cf5\" data-element_type=\"section\">\n\t\t\t\t\t\t<div class=\"elementor-container elementor-column-gap-extended\">\n\t\t\t\t\t<div class=\"elementor-column elementor-col-100 elementor-top-column elementor-element elementor-element-217a69c8 sc_content_align_inherit sc_layouts_column_icons_position_left sc_fly_static\" data-id=\"217a69c8\" data-element_type=\"column\">\n\t\t\t<div class=\"elementor-widget-wrap elementor-element-populated\">\n\t\t\t\t\t\t<div class=\"elementor-element elementor-element-2e7e71f1 sc_fly_static elementor-widget elementor-widget-text-editor\" data-id=\"2e7e71f1\" data-element_type=\"widget\" data-widget_type=\"text-editor.default\">\n\t\t\t\t<div class=\"elementor-widget-container\">\n\t\t\t\t\t\t\t\t\t<div class=\"p-rich_text_section\"><b data-stringify-type=\"bold\">Mentions l\u00e9gales<\/b><br \/>Dans le but de respecter l\u2019article 10 de la Loi 34\/2002 sur les Services de la Soci\u00e9t\u00e9 de l\u2019Information et le Commerce \u00c9lectronique, nous informons l\u2019utilisateur de nos donn\u00e9es :<\/div><ul class=\"p-rich_text_list p-rich_text_list__bullet p-rich_text_list--nested\" data-stringify-type=\"unordered-list\" data-list-tree=\"true\" data-indent=\"0\" data-border=\"0\"><li data-stringify-indent=\"0\" data-stringify-border=\"0\"><b data-stringify-type=\"bold\">D\u00e9nomination sociale :<\/b> Araceli \u00c1lvarez-Campana Escovar<\/li><li data-stringify-indent=\"0\" data-stringify-border=\"0\"><b data-stringify-type=\"bold\">Nom commercial :<\/b> Ordenamigas<\/li><li data-stringify-indent=\"0\" data-stringify-border=\"0\"><b data-stringify-type=\"bold\">Si\u00e8ge social :<\/b> C\/ Santa Clara n\u00ba 15, 07001 Palma, Illes Balears, Espa\u00f1a<\/li><li data-stringify-indent=\"0\" data-stringify-border=\"0\"><b data-stringify-type=\"bold\">NIF :<\/b> 43359116E<\/li><li data-stringify-indent=\"0\" data-stringify-border=\"0\"><b data-stringify-type=\"bold\">T\u00e9l\u00e9phone :<\/b> 652890176<\/li><li data-stringify-indent=\"0\" data-stringify-border=\"0\"><b data-stringify-type=\"bold\">E-mail :<\/b> <a class=\"c-link\" href=\"mailto:ordenamigas@gmail.com\" target=\"_blank\" rel=\"noopener noreferrer\" data-stringify-link=\"mailto:ordenamigas@gmail.com\" data-sk=\"tooltip_parent\" aria-haspopup=\"menu\">ordenamigas@gmail.com<\/a><\/li><li data-stringify-indent=\"0\" data-stringify-border=\"0\"><b data-stringify-type=\"bold\">Site Web :<\/b> <a class=\"c-link\" href=\"https:\/\/ordenamigas.es\/\" target=\"_blank\" rel=\"noopener noreferrer\" data-stringify-link=\"https:\/\/ordenamigas.es\/\" data-sk=\"tooltip_parent\">https:\/\/ordenamigas.es\/<\/a><\/li><\/ul><div class=\"p-rich_text_section\"><b data-stringify-type=\"bold\">Objet<\/b><br \/>Le prestataire, responsable du site web, met \u00e0 la disposition des utilisateurs ce document qui vise \u00e0 respecter les obligations pr\u00e9vues par la Loi 34\/2002 relative aux Services de la Soci\u00e9t\u00e9 de l\u2019Information et au Commerce \u00c9lectronique (LSSI-CE), ainsi qu\u2019\u00e0 informer tous les utilisateurs du site web concernant les conditions d\u2019utilisation du site. Toute personne acc\u00e9dant \u00e0 ce site web assume le r\u00f4le d\u2019utilisateur, s\u2019engageant \u00e0 observer et respecter strictement les dispositions ici expos\u00e9es, ainsi que toute autre disposition l\u00e9gale applicable. Le prestataire se r\u00e9serve le droit de modifier toute information pouvant appara\u00eetre sur le site web, sans obligation de pr\u00e9avis ni d\u2019informer les utilisateurs de ces modifications, la publication sur le site du prestataire \u00e9tant consid\u00e9r\u00e9e comme suffisante.<\/div><div>\u00a0<\/div><div class=\"p-rich_text_section\"><b data-stringify-type=\"bold\">Responsabilit\u00e9<\/b><br \/>Le prestataire d\u00e9cline toute responsabilit\u00e9 relative aux informations publi\u00e9es sur son site web, d\u00e8s lors que ces informations ont \u00e9t\u00e9 manipul\u00e9es ou introduites par un tiers ext\u00e9rieur. Le site web du prestataire peut utiliser des cookies pour assurer certaines fonctions indispensables au bon fonctionnement et affichage du site. Les cookies utilis\u00e9es sont temporaires et disparaissent \u00e0 la fin de la session utilisateur. En aucun cas les cookies ne seront utilis\u00e9es pour collecter des informations \u00e0 caract\u00e8re personnel. Depuis le site du prestataire, il est possible d\u2019\u00eatre redirig\u00e9 vers des contenus de sites tiers. \u00c9tant donn\u00e9 que le prestataire ne peut pas toujours contr\u00f4ler les contenus introduits par des tiers, il n\u2019assume aucune responsabilit\u00e9 quant \u00e0 ces contenus. En tout cas, le prestataire proc\u00e9dera au retrait imm\u00e9diat de tout contenu susceptible de contrevenir \u00e0 la l\u00e9gislation nationale ou internationale, \u00e0 la morale ou \u00e0 l\u2019ordre public. Le prestataire n\u2019est pas responsable des informations et contenus stock\u00e9s dans des forums, chats, g\u00e9n\u00e9rateurs de blogs, commentaires, r\u00e9seaux sociaux ou tout autre moyen permettant \u00e0 des tiers de publier du contenu de fa\u00e7on ind\u00e9pendante. Cependant, conform\u00e9ment aux articles 11 et 16 de la LSSI-CE, le prestataire se met \u00e0 disposition de tous les utilisateurs et autorit\u00e9s, collaborant activement au retrait ou au blocage des contenus qui contreviennent \u00e0 la loi ou affectent les droits de tiers. Ce site web a \u00e9t\u00e9 r\u00e9vis\u00e9 et test\u00e9 pour garantir son bon fonctionnement. Cependant, le prestataire n\u2019exclut pas la possibilit\u00e9 d\u2019erreurs de programmation ou de causes de force majeure pouvant emp\u00eacher temporairement l\u2019acc\u00e8s au site.<br \/><br \/><\/div><div class=\"p-rich_text_section\"><b data-stringify-type=\"bold\">Propri\u00e9t\u00e9 intellectuelle et industrielle<\/b><br \/>Le site web, incluant sa programmation, \u00e9dition, compilation, designs, logos, textes et graphiques, est la propri\u00e9t\u00e9 du prestataire ou b\u00e9n\u00e9ficie d\u2019une licence ou d\u2019une autorisation expresse des auteurs. Tous les contenus sont prot\u00e9g\u00e9s par la r\u00e9glementation en mati\u00e8re de propri\u00e9t\u00e9 intellectuelle et industrielle. Toute reproduction totale ou partielle, utilisation, exploitation, distribution ou commercialisation des contenus du site est interdite sans autorisation pr\u00e9alable et \u00e9crite du prestataire.<br \/><br \/><\/div><div class=\"p-rich_text_section\"><b data-stringify-type=\"bold\">V\u00e9racit\u00e9 des informations et mineurs<\/b><br \/>L\u2019utilisateur garantit l\u2019authenticit\u00e9 et la v\u00e9racit\u00e9 des donn\u00e9es fournies via les formulaires du site web. Les mineurs doivent disposer de l\u2019accord pr\u00e9alable de leurs parents, tuteurs ou repr\u00e9sentants l\u00e9gaux pour utiliser les services du site.<br \/><br \/><\/div><div class=\"p-rich_text_section\"><b data-stringify-type=\"bold\">Obligation d\u2019un usage correct du site<\/b><br \/>L\u2019utilisateur s\u2019engage \u00e0 utiliser le site conform\u00e9ment \u00e0 la loi, au pr\u00e9sent avis l\u00e9gal, \u00e0 la morale et aux bonnes m\u0153urs. Il est interdit d\u2019utiliser le site \u00e0 des fins illicites ou susceptibles de nuire aux droits de tiers.<br \/><br \/><\/div><div class=\"p-rich_text_section\"><b data-stringify-type=\"bold\">Loi applicable et juridiction<\/b><br \/>Pour le r\u00e8glement des litiges li\u00e9s \u00e0 ce site web, la l\u00e9gislation espagnole sera applicable. Les parties se soumettent aux tribunaux de Palma de Mallorca.<\/div>\t\t\t\t\t\t\t\t<\/div>\n\t\t\t\t<\/div>\n\t\t\t\t<div class=\"elementor-element elementor-element-95844ab elementor-widget-divider--view-line sc_fly_static elementor-widget elementor-widget-divider\" data-id=\"95844ab\" data-element_type=\"widget\" data-widget_type=\"divider.default\">\n\t\t\t\t<div class=\"elementor-widget-container\">\n\t\t\t\t\t\t\t<div class=\"elementor-divider\">\n\t\t\t<span class=\"elementor-divider-separator\">\n\t\t\t\t\t\t<\/span>\n\t\t<\/div>\n\t\t\t\t\t\t<\/div>\n\t\t\t\t<\/div>\n\t\t\t\t\t<\/div>\n\t\t<\/div>\n\t\t\t\t\t<\/div>\n\t\t<\/section>\n\t\t\t\t<\/div>\n\t\t","protected":false},"excerpt":{"rendered":"<p>Mentions l\u00e9galesDans le but de respecter l\u2019article 10 de la Loi 34\/2002 sur les Services de la Soci\u00e9t\u00e9 de l\u2019Information et le Commerce \u00c9lectronique, nous informons l\u2019utilisateur de nos donn\u00e9es&hellip;<\/p>\n","protected":false},"author":1,"featured_media":0,"parent":0,"menu_order":0,"comment_status":"closed","ping_status":"closed","template":"","meta":{"footnotes":""},"class_list":["post-24590","page","type-page","status-publish","hentry"],"yoast_head":"<!-- This site is optimized with the Yoast SEO plugin v24.7 - https:\/\/yoast.com\/wordpress\/plugins\/seo\/ -->\n<title>Mentions l\u00e9gales | Ordenamigas - Organisez bureau et maison \u00e0 Majorque<\/title>\n<meta name=\"description\" content=\"Consultez l&#039;avis l\u00e9gal d&#039;Ordenamigas pour conna\u00eetre les donn\u00e9es l\u00e9gales et les conditions d&#039;utilisation du site.\" \/>\n<meta name=\"robots\" content=\"index, follow, max-snippet:-1, max-image-preview:large, max-video-preview:-1\" \/>\n<link rel=\"canonical\" href=\"https:\/\/ordenamigas.es\/fr\/mentions-legales\/\" \/>\n<meta property=\"og:locale\" content=\"fr_FR\" \/>\n<meta property=\"og:type\" content=\"article\" \/>\n<meta property=\"og:title\" content=\"Mentions l\u00e9gales | Ordenamigas - Organisez bureau et maison \u00e0 Majorque\" \/>\n<meta property=\"og:description\" content=\"Consultez l&#039;avis l\u00e9gal d&#039;Ordenamigas pour conna\u00eetre les donn\u00e9es l\u00e9gales et les conditions d&#039;utilisation du site.\" \/>\n<meta property=\"og:url\" content=\"https:\/\/ordenamigas.es\/fr\/mentions-legales\/\" \/>\n<meta property=\"og:site_name\" content=\"Ordenamigas\" \/>\n<meta property=\"article:modified_time\" content=\"2025-05-21T10:44:31+00:00\" \/>\n<meta name=\"twitter:card\" content=\"summary_large_image\" \/>\n<meta name=\"twitter:label1\" content=\"Dur\u00e9e de lecture estim\u00e9e\" \/>\n\t<meta name=\"twitter:data1\" content=\"3 minutes\" \/>\n<script type=\"application\/ld+json\" class=\"yoast-schema-graph\">{\"@context\":\"https:\/\/schema.org\",\"@graph\":[{\"@type\":\"WebPage\",\"@id\":\"https:\/\/ordenamigas.es\/fr\/mentions-legales\/\",\"url\":\"https:\/\/ordenamigas.es\/fr\/mentions-legales\/\",\"name\":\"Mentions l\u00e9gales | Ordenamigas - Organisez bureau et maison \u00e0 Majorque\",\"isPartOf\":{\"@id\":\"https:\/\/ordenamigas.es\/fr\/#website\"},\"datePublished\":\"2020-04-01T09:33:06+00:00\",\"dateModified\":\"2025-05-21T10:44:31+00:00\",\"description\":\"Consultez l'avis l\u00e9gal d'Ordenamigas pour conna\u00eetre les donn\u00e9es l\u00e9gales et les conditions d'utilisation du site.\",\"breadcrumb\":{\"@id\":\"https:\/\/ordenamigas.es\/fr\/mentions-legales\/#breadcrumb\"},\"inLanguage\":\"fr-FR\",\"potentialAction\":[{\"@type\":\"ReadAction\",\"target\":[\"https:\/\/ordenamigas.es\/fr\/mentions-legales\/\"]}]},{\"@type\":\"BreadcrumbList\",\"@id\":\"https:\/\/ordenamigas.es\/fr\/mentions-legales\/#breadcrumb\",\"itemListElement\":[{\"@type\":\"ListItem\",\"position\":1,\"name\":\"Portada\",\"item\":\"https:\/\/ordenamigas.es\/fr\/\"},{\"@type\":\"ListItem\",\"position\":2,\"name\":\"Mentions l\u00e9gales\"}]},{\"@type\":\"WebSite\",\"@id\":\"https:\/\/ordenamigas.es\/fr\/#website\",\"url\":\"https:\/\/ordenamigas.es\/fr\/\",\"name\":\"Ordenamigas\",\"description\":\"Organisez bureau et maison \u00e0 Majorque\",\"publisher\":{\"@id\":\"https:\/\/ordenamigas.es\/fr\/#organization\"},\"potentialAction\":[{\"@type\":\"SearchAction\",\"target\":{\"@type\":\"EntryPoint\",\"urlTemplate\":\"https:\/\/ordenamigas.es\/fr\/?s={search_term_string}\"},\"query-input\":{\"@type\":\"PropertyValueSpecification\",\"valueRequired\":true,\"valueName\":\"search_term_string\"}}],\"inLanguage\":\"fr-FR\"},{\"@type\":\"Organization\",\"@id\":\"https:\/\/ordenamigas.es\/fr\/#organization\",\"name\":\"Ordenamigas\",\"url\":\"https:\/\/ordenamigas.es\/fr\/\",\"logo\":{\"@type\":\"ImageObject\",\"inLanguage\":\"fr-FR\",\"@id\":\"https:\/\/ordenamigas.es\/fr\/#\/schema\/logo\/image\/\",\"url\":\"https:\/\/ordenamigas.es\/wp-content\/uploads\/2025\/03\/logo-horizontal-ordenamigas.png\",\"contentUrl\":\"https:\/\/ordenamigas.es\/wp-content\/uploads\/2025\/03\/logo-horizontal-ordenamigas.png\",\"width\":1092,\"height\":347,\"caption\":\"Ordenamigas\"},\"image\":{\"@id\":\"https:\/\/ordenamigas.es\/fr\/#\/schema\/logo\/image\/\"}}]}<\/script>\n<!-- \/ Yoast SEO plugin. -->","yoast_head_json":{"title":"Mentions l\u00e9gales | Ordenamigas - Organisez bureau et maison \u00e0 Majorque","description":"Consultez l'avis l\u00e9gal d'Ordenamigas pour conna\u00eetre les donn\u00e9es l\u00e9gales et les conditions d'utilisation du site.","robots":{"index":"index","follow":"follow","max-snippet":"max-snippet:-1","max-image-preview":"max-image-preview:large","max-video-preview":"max-video-preview:-1"},"canonical":"https:\/\/ordenamigas.es\/fr\/mentions-legales\/","og_locale":"fr_FR","og_type":"article","og_title":"Mentions l\u00e9gales | Ordenamigas - Organisez bureau et maison \u00e0 Majorque","og_description":"Consultez l'avis l\u00e9gal d'Ordenamigas pour conna\u00eetre les donn\u00e9es l\u00e9gales et les conditions d'utilisation du site.","og_url":"https:\/\/ordenamigas.es\/fr\/mentions-legales\/","og_site_name":"Ordenamigas","article_modified_time":"2025-05-21T10:44:31+00:00","twitter_card":"summary_large_image","twitter_misc":{"Dur\u00e9e de lecture estim\u00e9e":"3 minutes"},"schema":{"@context":"https:\/\/schema.org","@graph":[{"@type":"WebPage","@id":"https:\/\/ordenamigas.es\/fr\/mentions-legales\/","url":"https:\/\/ordenamigas.es\/fr\/mentions-legales\/","name":"Mentions l\u00e9gales | Ordenamigas - Organisez bureau et maison \u00e0 Majorque","isPartOf":{"@id":"https:\/\/ordenamigas.es\/fr\/#website"},"datePublished":"2020-04-01T09:33:06+00:00","dateModified":"2025-05-21T10:44:31+00:00","description":"Consultez l'avis l\u00e9gal d'Ordenamigas pour conna\u00eetre les donn\u00e9es l\u00e9gales et les conditions d'utilisation du site.","breadcrumb":{"@id":"https:\/\/ordenamigas.es\/fr\/mentions-legales\/#breadcrumb"},"inLanguage":"fr-FR","potentialAction":[{"@type":"ReadAction","target":["https:\/\/ordenamigas.es\/fr\/mentions-legales\/"]}]},{"@type":"BreadcrumbList","@id":"https:\/\/ordenamigas.es\/fr\/mentions-legales\/#breadcrumb","itemListElement":[{"@type":"ListItem","position":1,"name":"Portada","item":"https:\/\/ordenamigas.es\/fr\/"},{"@type":"ListItem","position":2,"name":"Mentions l\u00e9gales"}]},{"@type":"WebSite","@id":"https:\/\/ordenamigas.es\/fr\/#website","url":"https:\/\/ordenamigas.es\/fr\/","name":"Ordenamigas","description":"Organisez bureau et maison \u00e0 Majorque","publisher":{"@id":"https:\/\/ordenamigas.es\/fr\/#organization"},"potentialAction":[{"@type":"SearchAction","target":{"@type":"EntryPoint","urlTemplate":"https:\/\/ordenamigas.es\/fr\/?s={search_term_string}"},"query-input":{"@type":"PropertyValueSpecification","valueRequired":true,"valueName":"search_term_string"}}],"inLanguage":"fr-FR"},{"@type":"Organization","@id":"https:\/\/ordenamigas.es\/fr\/#organization","name":"Ordenamigas","url":"https:\/\/ordenamigas.es\/fr\/","logo":{"@type":"ImageObject","inLanguage":"fr-FR","@id":"https:\/\/ordenamigas.es\/fr\/#\/schema\/logo\/image\/","url":"https:\/\/ordenamigas.es\/wp-content\/uploads\/2025\/03\/logo-horizontal-ordenamigas.png","contentUrl":"https:\/\/ordenamigas.es\/wp-content\/uploads\/2025\/03\/logo-horizontal-ordenamigas.png","width":1092,"height":347,"caption":"Ordenamigas"},"image":{"@id":"https:\/\/ordenamigas.es\/fr\/#\/schema\/logo\/image\/"}}]}},"_links":{"self":[{"href":"https:\/\/ordenamigas.es\/fr\/wp-json\/wp\/v2\/pages\/24590","targetHints":{"allow":["GET"]}}],"collection":[{"href":"https:\/\/ordenamigas.es\/fr\/wp-json\/wp\/v2\/pages"}],"about":[{"href":"https:\/\/ordenamigas.es\/fr\/wp-json\/wp\/v2\/types\/page"}],"author":[{"embeddable":true,"href":"https:\/\/ordenamigas.es\/fr\/wp-json\/wp\/v2\/users\/1"}],"replies":[{"embeddable":true,"href":"https:\/\/ordenamigas.es\/fr\/wp-json\/wp\/v2\/comments?post=24590"}],"version-history":[{"count":5,"href":"https:\/\/ordenamigas.es\/fr\/wp-json\/wp\/v2\/pages\/24590\/revisions"}],"predecessor-version":[{"id":24738,"href":"https:\/\/ordenamigas.es\/fr\/wp-json\/wp\/v2\/pages\/24590\/revisions\/24738"}],"wp:attachment":[{"href":"https:\/\/ordenamigas.es\/fr\/wp-json\/wp\/v2\/media?parent=24590"}],"curies":[{"name":"wp","href":"https:\/\/api.w.org\/{rel}","templated":true}]}}