{"id":24603,"date":"2025-03-26T11:22:11","date_gmt":"2025-03-26T10:22:11","guid":{"rendered":"https:\/\/ordenamigas.es\/politica-de-privacidad\/"},"modified":"2025-05-21T12:49:43","modified_gmt":"2025-05-21T10:49:43","slug":"politique-de-confidentialite","status":"publish","type":"page","link":"https:\/\/ordenamigas.es\/fr\/politique-de-confidentialite\/","title":{"rendered":"Politique de confidentialit\u00e9"},"content":{"rendered":"\t\t<div data-elementor-type=\"wp-page\" data-elementor-id=\"24603\" class=\"elementor elementor-24603 elementor-21911\">\n\t\t\t\t\t\t<section class=\"elementor-section elementor-top-section elementor-element elementor-element-6e8e2cf5 elementor-section-boxed elementor-section-height-default elementor-section-height-default sc_fly_static\" data-id=\"6e8e2cf5\" data-element_type=\"section\">\n\t\t\t\t\t\t<div class=\"elementor-container elementor-column-gap-extended\">\n\t\t\t\t\t<div class=\"elementor-column elementor-col-100 elementor-top-column elementor-element elementor-element-217a69c8 sc_content_align_inherit sc_layouts_column_icons_position_left sc_fly_static\" data-id=\"217a69c8\" data-element_type=\"column\">\n\t\t\t<div class=\"elementor-widget-wrap elementor-element-populated\">\n\t\t\t\t\t\t<div class=\"elementor-element elementor-element-2e7e71f1 sc_fly_static elementor-widget elementor-widget-text-editor\" data-id=\"2e7e71f1\" data-element_type=\"widget\" data-widget_type=\"text-editor.default\">\n\t\t\t\t<div class=\"elementor-widget-container\">\n\t\t\t\t\t\t\t\t\t<div class=\"p-rich_text_section\"><div class=\"p-rich_text_section\"><b data-stringify-type=\"bold\">Donn\u00e9es du Responsable du Traitement<\/b><\/div><ul class=\"p-rich_text_list p-rich_text_list__bullet p-rich_text_list--nested\" data-stringify-type=\"unordered-list\" data-list-tree=\"true\" data-indent=\"0\" data-border=\"0\"><li data-stringify-indent=\"0\" data-stringify-border=\"0\"><b data-stringify-type=\"bold\">Raison Sociale :<\/b> Araceli \u00c1lvarez-Campana Escovar (ci-apr\u00e8s, la \u00ab Soci\u00e9t\u00e9 \u00bb ou le \u00ab Responsable \u00bb).<\/li><li data-stringify-indent=\"0\" data-stringify-border=\"0\"><b data-stringify-type=\"bold\">Nom Commercial :<\/b> Ordenamigas.<\/li><li data-stringify-indent=\"0\" data-stringify-border=\"0\"><b data-stringify-type=\"bold\">NIF :<\/b> 43359116E.<\/li><li data-stringify-indent=\"0\" data-stringify-border=\"0\"><b data-stringify-type=\"bold\">Adresse :<\/b> C\/ Santa Clara n\u00ba 15, 07001 Palma, Illes Balears, Espagne.<\/li><li data-stringify-indent=\"0\" data-stringify-border=\"0\"><b data-stringify-type=\"bold\">T\u00e9l\u00e9phone :<\/b> 652890176.<\/li><li data-stringify-indent=\"0\" data-stringify-border=\"0\"><b data-stringify-type=\"bold\">Email pour les communications en mati\u00e8re de Protection des Donn\u00e9es :<\/b> <a class=\"c-link\" href=\"mailto:ordenamigas@gmail.com\" target=\"_blank\" rel=\"noopener noreferrer\" data-stringify-link=\"mailto:ordenamigas@gmail.com\" data-sk=\"tooltip_parent\" aria-haspopup=\"menu\">ordenamigas@gmail.com.<\/a><\/li><\/ul><div class=\"p-rich_text_section\"><p><b data-stringify-type=\"bold\">L\u00e9gislation Applicable<\/b><br \/>Notre Politique de Confidentialit\u00e9 a \u00e9t\u00e9 con\u00e7ue conform\u00e9ment au R\u00e8glement G\u00e9n\u00e9ral sur la Protection des Donn\u00e9es (RGPD) UE 2016\/679 du Parlement Europ\u00e9en et du Conseil, du 27 avril 2016, et \u00e0 la Loi Organique 3\/2018, du 5 d\u00e9cembre, relative \u00e0 la Protection des Donn\u00e9es Personnelles et \u00e0 la garantie des droits num\u00e9riques.<br \/>En nous fournissant vos donn\u00e9es, vous d\u00e9clarez avoir lu et compris cette Politique de Confidentialit\u00e9 et donnez votre consentement expr\u00e8s au traitement de vos donn\u00e9es personnelles conform\u00e9ment aux finalit\u00e9s et conditions d\u00e9crites ici.<br \/>La Soci\u00e9t\u00e9 pourra modifier cette Politique de Confidentialit\u00e9 pour l\u2019adapter aux nouveaut\u00e9s l\u00e9gislatives ou jurisprudentielles. Le cas \u00e9ch\u00e9ant, ces modifications seront annonc\u00e9es en temps utile sur ce site web.<\/p><\/div><div class=\"p-rich_text_section\"><p><b data-stringify-type=\"bold\">D\u00e9l\u00e9gu\u00e9 \u00e0 la Protection des Donn\u00e9es<\/b><br \/>Aucun D\u00e9l\u00e9gu\u00e9 \u00e0 la Protection des Donn\u00e9es n\u2019a \u00e9t\u00e9 d\u00e9sign\u00e9.<\/p><\/div><div class=\"p-rich_text_section\"><b data-stringify-type=\"bold\">Finalit\u00e9 du Traitement des Donn\u00e9es Personnelles<\/b><br \/>Le traitement que nous r\u00e9alisons de vos donn\u00e9es personnelles r\u00e9pond aux finalit\u00e9s suivantes:<\/div><ul class=\"p-rich_text_list p-rich_text_list__bullet p-rich_text_list--nested\" data-stringify-type=\"unordered-list\" data-list-tree=\"true\" data-indent=\"0\" data-border=\"0\"><li data-stringify-indent=\"0\" data-stringify-border=\"0\">R\u00e9pondre aux demandes d\u2019information re\u00e7ues via les formulaires de contact du site web.<\/li><li data-stringify-indent=\"0\" data-stringify-border=\"0\">Envoyer des informations li\u00e9es aux services propos\u00e9s par la soci\u00e9t\u00e9.<\/li><li data-stringify-indent=\"0\" data-stringify-border=\"0\">G\u00e9rer les rendez-vous, conseils, devis ou relations contractuelles, le cas \u00e9ch\u00e9ant.<\/li><li data-stringify-indent=\"0\" data-stringify-border=\"0\">Respecter les obligations l\u00e9gales en vigueur.<\/li><\/ul><div class=\"p-rich_text_section\"><p><b data-stringify-type=\"bold\">Dur\u00e9e de Conservation des Donn\u00e9es<\/b><br \/>Vos donn\u00e9es seront conserv\u00e9es tant que la relation commerciale est maintenue ou le temps n\u00e9cessaire pour respecter les obligations l\u00e9gales. Une fois ce d\u00e9lai \u00e9coul\u00e9, les donn\u00e9es seront supprim\u00e9es ou conserv\u00e9es sous forme bloqu\u00e9e pour r\u00e9pondre \u00e0 d\u2019\u00e9ventuelles responsabilit\u00e9s l\u00e9gales.<\/p><\/div><div class=\"p-rich_text_section\"><b data-stringify-type=\"bold\">Base L\u00e9gale du Traitement<\/b><br \/>La base juridique du traitement de vos donn\u00e9es est:<\/div><ul class=\"p-rich_text_list p-rich_text_list__bullet p-rich_text_list--nested\" data-stringify-type=\"unordered-list\" data-list-tree=\"true\" data-indent=\"0\" data-border=\"0\"><li data-stringify-indent=\"0\" data-stringify-border=\"0\">Le consentement donn\u00e9 par l\u2019utilisateur en cochant la case correspondante dans les formulaires du site web.<\/li><li data-stringify-indent=\"0\" data-stringify-border=\"0\">L\u2019ex\u00e9cution d\u2019un contrat ou la mise en \u0153uvre de mesures pr\u00e9contractuelles lorsqu\u2019il existe une relation commerciale.<\/li><li data-stringify-indent=\"0\" data-stringify-border=\"0\">Le respect des obligations l\u00e9gales.<\/li><\/ul><div class=\"p-rich_text_section\"><b data-stringify-type=\"bold\">Cat\u00e9gories de Donn\u00e9es Collect\u00e9es<\/b><\/div><ul class=\"p-rich_text_list p-rich_text_list__bullet p-rich_text_list--nested\" data-stringify-type=\"unordered-list\" data-list-tree=\"true\" data-indent=\"0\" data-border=\"0\"><li data-stringify-indent=\"0\" data-stringify-border=\"0\">Donn\u00e9es d\u2019identification : nom, pr\u00e9nom, t\u00e9l\u00e9phone, adresse email.<\/li><li data-stringify-indent=\"0\" data-stringify-border=\"0\">Donn\u00e9es techniques telles que l\u2019adresse IP, le navigateur utilis\u00e9, la dur\u00e9e de la visite, etc.<\/li><\/ul><div class=\"p-rich_text_section\"><p><b data-stringify-type=\"bold\">Destinataires des Donn\u00e9es<\/b><br \/>Aucune cession de donn\u00e9es \u00e0 des tiers n\u2019est pr\u00e9vue, sauf obligation l\u00e9gale ou en cas de sous-traitance de services externes impliquant un traitement de donn\u00e9es sous accord de confidentialit\u00e9 et de mandat de traitement.<\/p><\/div><div class=\"p-rich_text_section\"><p><b data-stringify-type=\"bold\">Transferts Internationaux de Donn\u00e9es<\/b><br \/>Aucun transfert international de donn\u00e9es n\u2019est r\u00e9alis\u00e9.<\/p><\/div><div class=\"p-rich_text_section\"><p><b data-stringify-type=\"bold\">Mesures de S\u00e9curit\u00e9<\/b><br \/>La Soci\u00e9t\u00e9 a adopt\u00e9 les mesures techniques et organisationnelles n\u00e9cessaires pour garantir la s\u00e9curit\u00e9 des donn\u00e9es personnelles et \u00e9viter leur alt\u00e9ration, perte ou acc\u00e8s non autoris\u00e9, conform\u00e9ment \u00e0 l\u2019article 32 du RGPD.<\/p><\/div><div class=\"p-rich_text_section\"><b data-stringify-type=\"bold\">Droits de l\u2019Utilisateur<\/b><br \/>Toute personne a le droit d\u2019obtenir la confirmation que Ordenamigas traite ou non des donn\u00e9es personnelles la concernant.<br \/>Les personnes concern\u00e9es ont le droit de:<\/div><ul class=\"p-rich_text_list p-rich_text_list__bullet p-rich_text_list--nested\" data-stringify-type=\"unordered-list\" data-list-tree=\"true\" data-indent=\"0\" data-border=\"0\"><li data-stringify-indent=\"0\" data-stringify-border=\"0\">Acc\u00e9der \u00e0 leurs donn\u00e9es personnelles.<\/li><li data-stringify-indent=\"0\" data-stringify-border=\"0\">Demander la rectification de donn\u00e9es inexactes.<\/li><li data-stringify-indent=\"0\" data-stringify-border=\"0\">Demander la suppression de leurs donn\u00e9es.<\/li><li data-stringify-indent=\"0\" data-stringify-border=\"0\">Demander la limitation du traitement.<\/li><li data-stringify-indent=\"0\" data-stringify-border=\"0\">S\u2019opposer au traitement de leurs donn\u00e9es.<\/li><li data-stringify-indent=\"0\" data-stringify-border=\"0\">Demander la portabilit\u00e9 de leurs donn\u00e9es.<\/li><li data-stringify-indent=\"0\" data-stringify-border=\"0\">Retirer leur consentement \u00e0 tout moment.<\/li><li data-stringify-indent=\"0\" data-stringify-border=\"0\">Vous pouvez exercer ces droits en envoyant une demande par email \u00e0 <b data-stringify-type=\"bold\"><a class=\"c-link\" href=\"mailto:ordenamigas@gmail.com\" target=\"_blank\" rel=\"noopener noreferrer\" data-stringify-link=\"mailto:ordenamigas@gmail.com\" data-sk=\"tooltip_parent\" aria-haspopup=\"menu\">ordenamigas@gmail.com<\/a><\/b>, accompagn\u00e9e d\u2019une copie de votre pi\u00e8ce d\u2019identit\u00e9. Vous pouvez \u00e9galement d\u00e9poser une r\u00e9clamation aupr\u00e8s de l\u2019Agence espagnole de protection des donn\u00e9es si vous estimez que vos droits ont \u00e9t\u00e9 viol\u00e9s.<\/li><\/ul><div class=\"p-rich_text_section\"><b data-stringify-type=\"bold\">Consentement \u00e0 l\u2019Envoi de Communications \u00c9lectroniques<\/b><br \/>En cochant la case correspondante dans les formulaires du site web et en envoyant vos donn\u00e9es, l\u2019utilisateur consent express\u00e9ment \u00e0 recevoir des communications informatives li\u00e9es \u00e0 l\u2019activit\u00e9 d\u2019Ordenamigas, par email ou autres moyens \u00e9lectroniques \u00e9quivalents. Vous pouvez retirer ce consentement \u00e0 tout moment en \u00e9crivant \u00e0 <b data-stringify-type=\"bold\"><a class=\"c-link\" href=\"mailto:ordenamigas@gmail.com\" target=\"_blank\" rel=\"noopener noreferrer\" data-stringify-link=\"mailto:ordenamigas@gmail.com\" data-sk=\"tooltip_parent\" aria-haspopup=\"menu\">ordenamigas@gmail.com<\/a><\/b>.<\/div><\/div>\t\t\t\t\t\t\t\t<\/div>\n\t\t\t\t<\/div>\n\t\t\t\t<div class=\"elementor-element elementor-element-95844ab elementor-widget-divider--view-line sc_fly_static elementor-widget elementor-widget-divider\" data-id=\"95844ab\" data-element_type=\"widget\" data-widget_type=\"divider.default\">\n\t\t\t\t<div class=\"elementor-widget-container\">\n\t\t\t\t\t\t\t<div class=\"elementor-divider\">\n\t\t\t<span class=\"elementor-divider-separator\">\n\t\t\t\t\t\t<\/span>\n\t\t<\/div>\n\t\t\t\t\t\t<\/div>\n\t\t\t\t<\/div>\n\t\t\t\t\t<\/div>\n\t\t<\/div>\n\t\t\t\t\t<\/div>\n\t\t<\/section>\n\t\t\t\t<\/div>\n\t\t","protected":false},"excerpt":{"rendered":"<p>Donn\u00e9es du Responsable du Traitement Raison Sociale : Araceli \u00c1lvarez-Campana Escovar (ci-apr\u00e8s, la \u00ab Soci\u00e9t\u00e9 \u00bb ou le \u00ab Responsable \u00bb). Nom Commercial : Ordenamigas. NIF : 43359116E. Adresse :&hellip;<\/p>\n","protected":false},"author":1,"featured_media":0,"parent":0,"menu_order":0,"comment_status":"closed","ping_status":"closed","template":"","meta":{"footnotes":""},"class_list":["post-24603","page","type-page","status-publish","hentry"],"yoast_head":"<!-- This site is optimized with the Yoast SEO plugin v24.7 - https:\/\/yoast.com\/wordpress\/plugins\/seo\/ -->\n<title>Politique de confidentialit\u00e9 | Ordenamigas - Organisez bureau et maison \u00e0 Majorque<\/title>\n<meta name=\"description\" content=\"D\u00e9couvrez la politique de confidentialit\u00e9 d\u2019Ordenamigas et comment nous prot\u00e9geons vos donn\u00e9es personnelles de mani\u00e8re s\u00fbre et transparente.\" \/>\n<meta name=\"robots\" content=\"index, follow, max-snippet:-1, max-image-preview:large, max-video-preview:-1\" \/>\n<link rel=\"canonical\" href=\"https:\/\/ordenamigas.es\/fr\/politique-de-confidentialite\/\" \/>\n<meta property=\"og:locale\" content=\"fr_FR\" \/>\n<meta property=\"og:type\" content=\"article\" \/>\n<meta property=\"og:title\" content=\"Politique de confidentialit\u00e9 | Ordenamigas - Organisez bureau et maison \u00e0 Majorque\" \/>\n<meta property=\"og:description\" content=\"D\u00e9couvrez la politique de confidentialit\u00e9 d\u2019Ordenamigas et comment nous prot\u00e9geons vos donn\u00e9es personnelles de mani\u00e8re s\u00fbre et transparente.\" \/>\n<meta property=\"og:url\" content=\"https:\/\/ordenamigas.es\/fr\/politique-de-confidentialite\/\" \/>\n<meta property=\"og:site_name\" content=\"Ordenamigas\" \/>\n<meta property=\"article:modified_time\" content=\"2025-05-21T10:49:43+00:00\" \/>\n<meta name=\"twitter:card\" content=\"summary_large_image\" \/>\n<meta name=\"twitter:label1\" content=\"Dur\u00e9e de lecture estim\u00e9e\" \/>\n\t<meta name=\"twitter:data1\" content=\"3 minutes\" \/>\n<script type=\"application\/ld+json\" class=\"yoast-schema-graph\">{\"@context\":\"https:\/\/schema.org\",\"@graph\":[{\"@type\":\"WebPage\",\"@id\":\"https:\/\/ordenamigas.es\/fr\/politique-de-confidentialite\/\",\"url\":\"https:\/\/ordenamigas.es\/fr\/politique-de-confidentialite\/\",\"name\":\"Politique de confidentialit\u00e9 | Ordenamigas - Organisez bureau et maison \u00e0 Majorque\",\"isPartOf\":{\"@id\":\"https:\/\/ordenamigas.es\/fr\/#website\"},\"datePublished\":\"2025-03-26T10:22:11+00:00\",\"dateModified\":\"2025-05-21T10:49:43+00:00\",\"description\":\"D\u00e9couvrez la politique de confidentialit\u00e9 d\u2019Ordenamigas et comment nous prot\u00e9geons vos donn\u00e9es personnelles de mani\u00e8re s\u00fbre et transparente.\",\"breadcrumb\":{\"@id\":\"https:\/\/ordenamigas.es\/fr\/politique-de-confidentialite\/#breadcrumb\"},\"inLanguage\":\"fr-FR\",\"potentialAction\":[{\"@type\":\"ReadAction\",\"target\":[\"https:\/\/ordenamigas.es\/fr\/politique-de-confidentialite\/\"]}]},{\"@type\":\"BreadcrumbList\",\"@id\":\"https:\/\/ordenamigas.es\/fr\/politique-de-confidentialite\/#breadcrumb\",\"itemListElement\":[{\"@type\":\"ListItem\",\"position\":1,\"name\":\"Portada\",\"item\":\"https:\/\/ordenamigas.es\/fr\/\"},{\"@type\":\"ListItem\",\"position\":2,\"name\":\"Politique de confidentialit\u00e9\"}]},{\"@type\":\"WebSite\",\"@id\":\"https:\/\/ordenamigas.es\/fr\/#website\",\"url\":\"https:\/\/ordenamigas.es\/fr\/\",\"name\":\"Ordenamigas\",\"description\":\"Organisez bureau et maison \u00e0 Majorque\",\"publisher\":{\"@id\":\"https:\/\/ordenamigas.es\/fr\/#organization\"},\"potentialAction\":[{\"@type\":\"SearchAction\",\"target\":{\"@type\":\"EntryPoint\",\"urlTemplate\":\"https:\/\/ordenamigas.es\/fr\/?s={search_term_string}\"},\"query-input\":{\"@type\":\"PropertyValueSpecification\",\"valueRequired\":true,\"valueName\":\"search_term_string\"}}],\"inLanguage\":\"fr-FR\"},{\"@type\":\"Organization\",\"@id\":\"https:\/\/ordenamigas.es\/fr\/#organization\",\"name\":\"Ordenamigas\",\"url\":\"https:\/\/ordenamigas.es\/fr\/\",\"logo\":{\"@type\":\"ImageObject\",\"inLanguage\":\"fr-FR\",\"@id\":\"https:\/\/ordenamigas.es\/fr\/#\/schema\/logo\/image\/\",\"url\":\"https:\/\/ordenamigas.es\/wp-content\/uploads\/2025\/03\/logo-horizontal-ordenamigas.png\",\"contentUrl\":\"https:\/\/ordenamigas.es\/wp-content\/uploads\/2025\/03\/logo-horizontal-ordenamigas.png\",\"width\":1092,\"height\":347,\"caption\":\"Ordenamigas\"},\"image\":{\"@id\":\"https:\/\/ordenamigas.es\/fr\/#\/schema\/logo\/image\/\"}}]}<\/script>\n<!-- \/ Yoast SEO plugin. -->","yoast_head_json":{"title":"Politique de confidentialit\u00e9 | Ordenamigas - Organisez bureau et maison \u00e0 Majorque","description":"D\u00e9couvrez la politique de confidentialit\u00e9 d\u2019Ordenamigas et comment nous prot\u00e9geons vos donn\u00e9es personnelles de mani\u00e8re s\u00fbre et transparente.","robots":{"index":"index","follow":"follow","max-snippet":"max-snippet:-1","max-image-preview":"max-image-preview:large","max-video-preview":"max-video-preview:-1"},"canonical":"https:\/\/ordenamigas.es\/fr\/politique-de-confidentialite\/","og_locale":"fr_FR","og_type":"article","og_title":"Politique de confidentialit\u00e9 | Ordenamigas - Organisez bureau et maison \u00e0 Majorque","og_description":"D\u00e9couvrez la politique de confidentialit\u00e9 d\u2019Ordenamigas et comment nous prot\u00e9geons vos donn\u00e9es personnelles de mani\u00e8re s\u00fbre et transparente.","og_url":"https:\/\/ordenamigas.es\/fr\/politique-de-confidentialite\/","og_site_name":"Ordenamigas","article_modified_time":"2025-05-21T10:49:43+00:00","twitter_card":"summary_large_image","twitter_misc":{"Dur\u00e9e de lecture estim\u00e9e":"3 minutes"},"schema":{"@context":"https:\/\/schema.org","@graph":[{"@type":"WebPage","@id":"https:\/\/ordenamigas.es\/fr\/politique-de-confidentialite\/","url":"https:\/\/ordenamigas.es\/fr\/politique-de-confidentialite\/","name":"Politique de confidentialit\u00e9 | Ordenamigas - Organisez bureau et maison \u00e0 Majorque","isPartOf":{"@id":"https:\/\/ordenamigas.es\/fr\/#website"},"datePublished":"2025-03-26T10:22:11+00:00","dateModified":"2025-05-21T10:49:43+00:00","description":"D\u00e9couvrez la politique de confidentialit\u00e9 d\u2019Ordenamigas et comment nous prot\u00e9geons vos donn\u00e9es personnelles de mani\u00e8re s\u00fbre et transparente.","breadcrumb":{"@id":"https:\/\/ordenamigas.es\/fr\/politique-de-confidentialite\/#breadcrumb"},"inLanguage":"fr-FR","potentialAction":[{"@type":"ReadAction","target":["https:\/\/ordenamigas.es\/fr\/politique-de-confidentialite\/"]}]},{"@type":"BreadcrumbList","@id":"https:\/\/ordenamigas.es\/fr\/politique-de-confidentialite\/#breadcrumb","itemListElement":[{"@type":"ListItem","position":1,"name":"Portada","item":"https:\/\/ordenamigas.es\/fr\/"},{"@type":"ListItem","position":2,"name":"Politique de confidentialit\u00e9"}]},{"@type":"WebSite","@id":"https:\/\/ordenamigas.es\/fr\/#website","url":"https:\/\/ordenamigas.es\/fr\/","name":"Ordenamigas","description":"Organisez bureau et maison \u00e0 Majorque","publisher":{"@id":"https:\/\/ordenamigas.es\/fr\/#organization"},"potentialAction":[{"@type":"SearchAction","target":{"@type":"EntryPoint","urlTemplate":"https:\/\/ordenamigas.es\/fr\/?s={search_term_string}"},"query-input":{"@type":"PropertyValueSpecification","valueRequired":true,"valueName":"search_term_string"}}],"inLanguage":"fr-FR"},{"@type":"Organization","@id":"https:\/\/ordenamigas.es\/fr\/#organization","name":"Ordenamigas","url":"https:\/\/ordenamigas.es\/fr\/","logo":{"@type":"ImageObject","inLanguage":"fr-FR","@id":"https:\/\/ordenamigas.es\/fr\/#\/schema\/logo\/image\/","url":"https:\/\/ordenamigas.es\/wp-content\/uploads\/2025\/03\/logo-horizontal-ordenamigas.png","contentUrl":"https:\/\/ordenamigas.es\/wp-content\/uploads\/2025\/03\/logo-horizontal-ordenamigas.png","width":1092,"height":347,"caption":"Ordenamigas"},"image":{"@id":"https:\/\/ordenamigas.es\/fr\/#\/schema\/logo\/image\/"}}]}},"_links":{"self":[{"href":"https:\/\/ordenamigas.es\/fr\/wp-json\/wp\/v2\/pages\/24603","targetHints":{"allow":["GET"]}}],"collection":[{"href":"https:\/\/ordenamigas.es\/fr\/wp-json\/wp\/v2\/pages"}],"about":[{"href":"https:\/\/ordenamigas.es\/fr\/wp-json\/wp\/v2\/types\/page"}],"author":[{"embeddable":true,"href":"https:\/\/ordenamigas.es\/fr\/wp-json\/wp\/v2\/users\/1"}],"replies":[{"embeddable":true,"href":"https:\/\/ordenamigas.es\/fr\/wp-json\/wp\/v2\/comments?post=24603"}],"version-history":[{"count":7,"href":"https:\/\/ordenamigas.es\/fr\/wp-json\/wp\/v2\/pages\/24603\/revisions"}],"predecessor-version":[{"id":24610,"href":"https:\/\/ordenamigas.es\/fr\/wp-json\/wp\/v2\/pages\/24603\/revisions\/24610"}],"wp:attachment":[{"href":"https:\/\/ordenamigas.es\/fr\/wp-json\/wp\/v2\/media?parent=24603"}],"curies":[{"name":"wp","href":"https:\/\/api.w.org\/{rel}","templated":true}]}}